{"id":10717,"date":"2023-06-21T15:35:16","date_gmt":"2023-06-21T15:35:16","guid":{"rendered":"https:\/\/sff-camara.com\/professionals\/britta-borneff\/"},"modified":"2023-06-23T12:23:51","modified_gmt":"2023-06-23T12:23:51","slug":"britta-borneff","status":"publish","type":"udesign_member","link":"https:\/\/sff-camara.com\/es\/profesionales\/britta-borneff\/","title":{"rendered":"Britta Borneff"},"content":{"rendered":"\n<h6 class=\"wp-block-heading\"><strong>\u00bfCu\u00e1ndo y por qu\u00e9 naci\u00f3 ALFI como organizaci\u00f3n?<\/strong><\/h6>\n\n<p>ALFI inici\u00f3 sus operaciones en 1988 para trabajar junto a stakeholders en el desarrollo del sector luxemburgu\u00e9s de fondos de inversi\u00f3n, cuyo primer fondo de inversi\u00f3n, el \u201cfonds commun de placement FCP Eurunion\u201d, se cre\u00f3 en 1959.<\/p>\n\n<p>A lo largo de este recorrido, el centro financiero luxemburgu\u00e9s ha evolucionado y, en respuesta, nuestra misi\u00f3n se ha adaptado a las necesidades y realidades del presente y del futuro.<\/p>\n\n<p>Hoy, 35 a\u00f1os despu\u00e9s de emprender su viaje, ALFI promueve Luxemburgo como el primer centro mundial de fondos de inversi\u00f3n transfronterizos, el mayor de Europa y el segundo del mundo. Tambi\u00e9n apoya la transici\u00f3n hacia econom\u00edas m\u00e1s sostenibles a escala mundial y capacita a los inversores para alcanzar sus objetivos.<\/p>\n\n<h6 class=\"wp-block-heading\"><strong>\u00bfCu\u00e1l es el papel de ALFI en el panorama actual de los fondos de inversi\u00f3n luxemburgueses?<\/strong><\/h6>\n\n<p>Cara y voz de la comunidad de fondos de inversi\u00f3n y gesti\u00f3n de activos del pa\u00eds, ALFI representa en la actualidad a m\u00e1s de 1.500 fondos de inversi\u00f3n domiciliados en Luxemburgo, numerosas sociedades de gesti\u00f3n de activos y una amplia gama de otras empresas que prestan servicios al sector. Nuestra misi\u00f3n es liderar los esfuerzos del sector para ofrecer soluciones y hacer de Luxemburgo el centro internacional de fondos de inversi\u00f3n m\u00e1s innovador.<\/p>\n\n<p>En beneficio de nuestros miembros, tambi\u00e9n trabajamos para cultivar un ecosistema de fondos colaborativo, din\u00e1mico e innovador, que defienda no s\u00f3lo los activos convencionales, sino tambi\u00e9n la inversi\u00f3n sostenible y los activos privados.<\/p>\n\n<p>Adem\u00e1s, tambi\u00e9n nos comprometemos a mejorar los conocimientos de los inversores para que puedan tomar decisiones de inversi\u00f3n bien informadas. Esta labor es vital, ya que sirve de base para el emprendizaje, la movilidad social y el crecimiento integrador.<\/p>\n\n<h6 class=\"wp-block-heading\"><strong>\u00bfQu\u00e9 v\u00ednculo mantiene ALFI con Espa\u00f1a y su sector inversor?<\/strong><\/h6>\n\n<p>Seg\u00fan estad\u00edsticas recientes del\u00a0<a href=\"https:\/\/www.alfi.lu\/getattachment\/54eedbde-41a0-4bc6-8a80-a7c7e4c69e8c\/app_data-import-alfi-global-fund-distribution-2022.pdf\">PwC Global Fund Distribution Poster 2022<\/a>, 4.625 fondos espa\u00f1oles est\u00e1n domiciliados en Luxemburgo, lo que representa el 57% del total de fondos transfronterizos espa\u00f1oles y es muestra de los fuertes v\u00ednculos entre ambas industrias de inversi\u00f3n. Seg\u00fan Monterrey, a 31 de diciembre de 2021, los promotores de fondos espa\u00f1oles ten\u00edan 37.000 millones de d\u00f3lares en activos gestionados en fondos luxemburgueses, lo que representa el 0,45% del total de activos luxemburgueses gestionados. El n\u00famero de promotores espa\u00f1oles era de 68.<\/p>\n\n<p>Seg\u00fan la CSSF, a 31 de diciembre de 2021 hab\u00eda 305 gestoras de fondos de inversi\u00f3n luxemburguesas de origen espa\u00f1ol, de las cuales 178 eran sociedades gestoras de OICVM y 127 eran gestoras de fondos de inversi\u00f3n alternativos.<\/p>\n\n<h6 class=\"wp-block-heading\"><strong>El 11 de mayo ALFI celebrar\u00e1 un \u2018roadshow\u2019 en Madrid. \u00bfA qui\u00e9n va dirigido este evento y en qu\u00e9 consistir\u00e1?<\/strong><\/h6>\n\n<p>Por segundo a\u00f1o consecutivo, ALFI ha elegido Madrid como uno de los destinos de sus roadshows. Los roadshows de ALFI son seminarios gratuitos en los principales centros financieros del mundo dirigidos a profesionales de toda la cadena de valor de la gesti\u00f3n de activos y fondos de inversi\u00f3n. Por lo tanto, gestores de activos espa\u00f1oles, proveedores de servicios de activos, abogados, auditores, \u00a1todos ellos est\u00e1n invitados a asistir a nuestro seminario!<\/p>\n\n<p>Entre otros temas, en la agenda de este a\u00f1o nos centraremos en la democratizaci\u00f3n de las inversiones alternativas, especialmente en el contexto de la reciente revisi\u00f3n del r\u00e9gimen ELTIF. No nos saltaremos la cuesti\u00f3n de la ESG, ya que el roadshow incluye una mesa redonda en la que se debatir\u00e1 no s\u00f3lo la regulaci\u00f3n, sino que tambi\u00e9n se reflexionar\u00e1 sobre los elementos que faltan para que se convierta en un verdadero motor de un cambio intencionado en nuestras econom\u00edas y nuestra sociedad.<\/p>\n\n<p>Tendremos el honor de recibir a S.E. Christian Biever, Embajador del Gran Ducado de Luxemburgo en Espa\u00f1a, que hablar\u00e1 de la relaci\u00f3n entre Espa\u00f1a y Luxemburgo y del futuro que nos espera.<\/p>\n","protected":false},"excerpt":{"rendered":"<p>\u00bfCu\u00e1ndo y por qu\u00e9 naci\u00f3 ALFI como organizaci\u00f3n? ALFI inici\u00f3 sus operaciones en 1988 para trabajar junto a stakeholders en el desarrollo del sector luxemburgu\u00e9s de fondos de inversi\u00f3n, cuyo [&hellip;]<\/p>\n","protected":false},"featured_media":19124,"comment_status":"closed","ping_status":"closed","template":"","working-areas":[193],"interview":[200],"udesign_member_category":[227],"class_list":["post-10717","udesign_member","type-udesign_member","status-publish","has-post-thumbnail","hentry","working-areas-asset-management-es","interview-si","udesign_member_category-alfi-es"],"acf":[],"yoast_head":"<!-- This site is optimized with the Yoast SEO plugin v27.1.1 - https:\/\/yoast.com\/product\/yoast-seo-wordpress\/ -->\n<title>Britta Borneff | SFF<\/title>\n<meta name=\"robots\" content=\"index, follow, max-snippet:-1, max-image-preview:large, max-video-preview:-1\" \/>\n<link rel=\"canonical\" href=\"https:\/\/sff-camara.com\/es\/profesionales\/britta-borneff\/\" \/>\n<meta property=\"og:locale\" content=\"es_ES\" \/>\n<meta property=\"og:type\" content=\"article\" \/>\n<meta property=\"og:title\" content=\"Britta Borneff | SFF\" \/>\n<meta property=\"og:description\" content=\"\u00bfCu\u00e1ndo y por qu\u00e9 naci\u00f3 ALFI como organizaci\u00f3n? ALFI inici\u00f3 sus operaciones en 1988 para trabajar junto a stakeholders en el desarrollo del sector luxemburgu\u00e9s de fondos de inversi\u00f3n, cuyo [&hellip;]\" \/>\n<meta property=\"og:url\" content=\"https:\/\/sff-camara.com\/es\/profesionales\/britta-borneff\/\" \/>\n<meta property=\"og:site_name\" content=\"SFF\" \/>\n<meta property=\"article:modified_time\" content=\"2023-06-23T12:23:51+00:00\" \/>\n<meta property=\"og:image\" content=\"https:\/\/sff-camara.com\/wp-content\/uploads\/2023\/06\/sff-alfi.png\" \/>\n\t<meta property=\"og:image:width\" content=\"312\" \/>\n\t<meta property=\"og:image:height\" content=\"312\" \/>\n\t<meta property=\"og:image:type\" content=\"image\/png\" \/>\n<meta name=\"twitter:card\" content=\"summary_large_image\" \/>\n<meta name=\"twitter:label1\" content=\"Tiempo de lectura\" \/>\n\t<meta name=\"twitter:data1\" content=\"3 minutos\" \/>\n<script type=\"application\/ld+json\" class=\"yoast-schema-graph\">{\"@context\":\"https:\/\/schema.org\",\"@graph\":[{\"@type\":\"WebPage\",\"@id\":\"https:\/\/sff-camara.com\/es\/profesionales\/britta-borneff\/\",\"url\":\"https:\/\/sff-camara.com\/es\/profesionales\/britta-borneff\/\",\"name\":\"Britta Borneff | SFF\",\"isPartOf\":{\"@id\":\"https:\/\/sff-camara.com\/#website\"},\"primaryImageOfPage\":{\"@id\":\"https:\/\/sff-camara.com\/es\/profesionales\/britta-borneff\/#primaryimage\"},\"image\":{\"@id\":\"https:\/\/sff-camara.com\/es\/profesionales\/britta-borneff\/#primaryimage\"},\"thumbnailUrl\":\"https:\/\/sff-camara.com\/wp-content\/uploads\/2023\/06\/sff-alfi.png\",\"datePublished\":\"2023-06-21T15:35:16+00:00\",\"dateModified\":\"2023-06-23T12:23:51+00:00\",\"breadcrumb\":{\"@id\":\"https:\/\/sff-camara.com\/es\/profesionales\/britta-borneff\/#breadcrumb\"},\"inLanguage\":\"es\",\"potentialAction\":[{\"@type\":\"ReadAction\",\"target\":[\"https:\/\/sff-camara.com\/es\/profesionales\/britta-borneff\/\"]}]},{\"@type\":\"ImageObject\",\"inLanguage\":\"es\",\"@id\":\"https:\/\/sff-camara.com\/es\/profesionales\/britta-borneff\/#primaryimage\",\"url\":\"https:\/\/sff-camara.com\/wp-content\/uploads\/2023\/06\/sff-alfi.png\",\"contentUrl\":\"https:\/\/sff-camara.com\/wp-content\/uploads\/2023\/06\/sff-alfi.png\",\"width\":312,\"height\":312},{\"@type\":\"BreadcrumbList\",\"@id\":\"https:\/\/sff-camara.com\/es\/profesionales\/britta-borneff\/#breadcrumb\",\"itemListElement\":[{\"@type\":\"ListItem\",\"position\":1,\"name\":\"Home\",\"item\":\"https:\/\/sff-camara.com\/\"},{\"@type\":\"ListItem\",\"position\":2,\"name\":\"Professionals\",\"item\":\"https:\/\/sff-camara.com\/es\/profesionales\/\"},{\"@type\":\"ListItem\",\"position\":3,\"name\":\"Britta Borneff\"}]},{\"@type\":\"WebSite\",\"@id\":\"https:\/\/sff-camara.com\/#website\",\"url\":\"https:\/\/sff-camara.com\/\",\"name\":\"SFF\",\"description\":\"Spanish Financial Forum in Luxembourg\",\"publisher\":{\"@id\":\"https:\/\/sff-camara.com\/#organization\"},\"potentialAction\":[{\"@type\":\"SearchAction\",\"target\":{\"@type\":\"EntryPoint\",\"urlTemplate\":\"https:\/\/sff-camara.com\/?s={search_term_string}\"},\"query-input\":{\"@type\":\"PropertyValueSpecification\",\"valueRequired\":true,\"valueName\":\"search_term_string\"}}],\"inLanguage\":\"es\"},{\"@type\":\"Organization\",\"@id\":\"https:\/\/sff-camara.com\/#organization\",\"name\":\"Spanish Financial Forum in Luxembourg\",\"url\":\"https:\/\/sff-camara.com\/\",\"logo\":{\"@type\":\"ImageObject\",\"inLanguage\":\"es\",\"@id\":\"https:\/\/sff-camara.com\/#\/schema\/logo\/image\/\",\"url\":\"https:\/\/sff-camara.com\/wp-content\/uploads\/2023\/02\/cropped-LOGO-1.png\",\"contentUrl\":\"https:\/\/sff-camara.com\/wp-content\/uploads\/2023\/02\/cropped-LOGO-1.png\",\"width\":586,\"height\":222,\"caption\":\"Spanish Financial Forum in Luxembourg\"},\"image\":{\"@id\":\"https:\/\/sff-camara.com\/#\/schema\/logo\/image\/\"},\"sameAs\":[\"https:\/\/www.linkedin.com\/company\/camara-oficial-de-comercio-de-espana-en-belgica-y-luxemburgo\/\"]}]}<\/script>\n<!-- \/ Yoast SEO plugin. -->","yoast_head_json":{"title":"Britta Borneff | SFF","robots":{"index":"index","follow":"follow","max-snippet":"max-snippet:-1","max-image-preview":"max-image-preview:large","max-video-preview":"max-video-preview:-1"},"canonical":"https:\/\/sff-camara.com\/es\/profesionales\/britta-borneff\/","og_locale":"es_ES","og_type":"article","og_title":"Britta Borneff | SFF","og_description":"\u00bfCu\u00e1ndo y por qu\u00e9 naci\u00f3 ALFI como organizaci\u00f3n? ALFI inici\u00f3 sus operaciones en 1988 para trabajar junto a stakeholders en el desarrollo del sector luxemburgu\u00e9s de fondos de inversi\u00f3n, cuyo [&hellip;]","og_url":"https:\/\/sff-camara.com\/es\/profesionales\/britta-borneff\/","og_site_name":"SFF","article_modified_time":"2023-06-23T12:23:51+00:00","og_image":[{"width":312,"height":312,"url":"https:\/\/sff-camara.com\/wp-content\/uploads\/2023\/06\/sff-alfi.png","type":"image\/png"}],"twitter_card":"summary_large_image","twitter_misc":{"Tiempo de lectura":"3 minutos"},"schema":{"@context":"https:\/\/schema.org","@graph":[{"@type":"WebPage","@id":"https:\/\/sff-camara.com\/es\/profesionales\/britta-borneff\/","url":"https:\/\/sff-camara.com\/es\/profesionales\/britta-borneff\/","name":"Britta Borneff | SFF","isPartOf":{"@id":"https:\/\/sff-camara.com\/#website"},"primaryImageOfPage":{"@id":"https:\/\/sff-camara.com\/es\/profesionales\/britta-borneff\/#primaryimage"},"image":{"@id":"https:\/\/sff-camara.com\/es\/profesionales\/britta-borneff\/#primaryimage"},"thumbnailUrl":"https:\/\/sff-camara.com\/wp-content\/uploads\/2023\/06\/sff-alfi.png","datePublished":"2023-06-21T15:35:16+00:00","dateModified":"2023-06-23T12:23:51+00:00","breadcrumb":{"@id":"https:\/\/sff-camara.com\/es\/profesionales\/britta-borneff\/#breadcrumb"},"inLanguage":"es","potentialAction":[{"@type":"ReadAction","target":["https:\/\/sff-camara.com\/es\/profesionales\/britta-borneff\/"]}]},{"@type":"ImageObject","inLanguage":"es","@id":"https:\/\/sff-camara.com\/es\/profesionales\/britta-borneff\/#primaryimage","url":"https:\/\/sff-camara.com\/wp-content\/uploads\/2023\/06\/sff-alfi.png","contentUrl":"https:\/\/sff-camara.com\/wp-content\/uploads\/2023\/06\/sff-alfi.png","width":312,"height":312},{"@type":"BreadcrumbList","@id":"https:\/\/sff-camara.com\/es\/profesionales\/britta-borneff\/#breadcrumb","itemListElement":[{"@type":"ListItem","position":1,"name":"Home","item":"https:\/\/sff-camara.com\/"},{"@type":"ListItem","position":2,"name":"Professionals","item":"https:\/\/sff-camara.com\/es\/profesionales\/"},{"@type":"ListItem","position":3,"name":"Britta Borneff"}]},{"@type":"WebSite","@id":"https:\/\/sff-camara.com\/#website","url":"https:\/\/sff-camara.com\/","name":"SFF","description":"Spanish Financial Forum in Luxembourg","publisher":{"@id":"https:\/\/sff-camara.com\/#organization"},"potentialAction":[{"@type":"SearchAction","target":{"@type":"EntryPoint","urlTemplate":"https:\/\/sff-camara.com\/?s={search_term_string}"},"query-input":{"@type":"PropertyValueSpecification","valueRequired":true,"valueName":"search_term_string"}}],"inLanguage":"es"},{"@type":"Organization","@id":"https:\/\/sff-camara.com\/#organization","name":"Spanish Financial Forum in Luxembourg","url":"https:\/\/sff-camara.com\/","logo":{"@type":"ImageObject","inLanguage":"es","@id":"https:\/\/sff-camara.com\/#\/schema\/logo\/image\/","url":"https:\/\/sff-camara.com\/wp-content\/uploads\/2023\/02\/cropped-LOGO-1.png","contentUrl":"https:\/\/sff-camara.com\/wp-content\/uploads\/2023\/02\/cropped-LOGO-1.png","width":586,"height":222,"caption":"Spanish Financial Forum in Luxembourg"},"image":{"@id":"https:\/\/sff-camara.com\/#\/schema\/logo\/image\/"},"sameAs":["https:\/\/www.linkedin.com\/company\/camara-oficial-de-comercio-de-espana-en-belgica-y-luxemburgo\/"]}]}},"_links":{"self":[{"href":"https:\/\/sff-camara.com\/es\/wp-json\/wp\/v2\/udesign_member\/10717","targetHints":{"allow":["GET"]}}],"collection":[{"href":"https:\/\/sff-camara.com\/es\/wp-json\/wp\/v2\/udesign_member"}],"about":[{"href":"https:\/\/sff-camara.com\/es\/wp-json\/wp\/v2\/types\/udesign_member"}],"replies":[{"embeddable":true,"href":"https:\/\/sff-camara.com\/es\/wp-json\/wp\/v2\/comments?post=10717"}],"version-history":[{"count":1,"href":"https:\/\/sff-camara.com\/es\/wp-json\/wp\/v2\/udesign_member\/10717\/revisions"}],"predecessor-version":[{"id":10718,"href":"https:\/\/sff-camara.com\/es\/wp-json\/wp\/v2\/udesign_member\/10717\/revisions\/10718"}],"wp:featuredmedia":[{"embeddable":true,"href":"https:\/\/sff-camara.com\/es\/wp-json\/wp\/v2\/media\/19124"}],"wp:attachment":[{"href":"https:\/\/sff-camara.com\/es\/wp-json\/wp\/v2\/media?parent=10717"}],"wp:term":[{"taxonomy":"working-areas","embeddable":true,"href":"https:\/\/sff-camara.com\/es\/wp-json\/wp\/v2\/working-areas?post=10717"},{"taxonomy":"interview","embeddable":true,"href":"https:\/\/sff-camara.com\/es\/wp-json\/wp\/v2\/interview?post=10717"},{"taxonomy":"udesign_member_category","embeddable":true,"href":"https:\/\/sff-camara.com\/es\/wp-json\/wp\/v2\/udesign_member_category?post=10717"}],"curies":[{"name":"wp","href":"https:\/\/api.w.org\/{rel}","templated":true}]}}