{"id":12657,"date":"2024-02-06T11:59:12","date_gmt":"2024-02-06T11:59:12","guid":{"rendered":"https:\/\/sff-camara.com\/agenda\/20-03-sff-learning-solutions-precios-de-transferencia-para-estructuras-de-family-office\/"},"modified":"2024-03-15T11:18:09","modified_gmt":"2024-03-15T11:18:09","slug":"20-03-sff-learning-solutions-precios-de-transferencia-para-estructuras-de-family-office","status":"publish","type":"tribe_events","link":"https:\/\/sff-camara.com\/es\/agenda\/20-03-sff-learning-solutions-precios-de-transferencia-para-estructuras-de-family-office\/","title":{"rendered":"25\/04 SFF Learning Solutions: Precios de Transferencia para Estructuras de Family Office"},"content":{"rendered":"<section class=\"av_textblock_section av-ls8v3hu3-a1a53d684518a26ae39152c74e151961\">\n<div class=\"avia_textblock\">\n<p>En el marco de la comisi\u00f3n de trabajo Spanish Financial Forum, la\u00a0<strong>C\u00e1mara Oficial de Comercio de Espa\u00f1a en B\u00e9lgica y Luxemburgo lanza una nueva sesi\u00f3n de su formaci\u00f3n titulada \u201c<em>Transfer Pricing for Family Office Structures<\/em>\u201d.<\/strong><\/p>\n<p>La formaci\u00f3n tendr\u00e1 lugar\u00a0<strong>el d\u00eda<\/strong>\u00a0<strong>25 de abril <\/strong>de\u00a0<strong>17:00-19:00<\/strong>\u00a0horas en formato presencial (Chambre des M\u00e9tiers, 2 Circuit de la Foire Internationale, 1347 Luxembourg) y est\u00e1 dirigida principalmente a personas que quieran\u00a0<strong>profundizar o consolidar<\/strong>\u00a0sus conocimientos sobre aspectos legales y fiscales para la empresa mercantil luxemburguesa.<\/p>\n<p>Los temas a tratar en esta formaci\u00f3n ser\u00e1n diversos:<\/p>\n<ul>\n<li><strong>Visi\u00f3n general de la importancia de los precios de transferencia<\/strong><\/li>\n<li><strong>Introducci\u00f3n a los Family Offices<\/strong><\/li>\n<li><strong>Definici\u00f3n y tipos de Family Offices<\/strong><\/li>\n<li><strong>Objetivos y componentes clave<\/strong><\/li>\n<li><strong>El Papel de los Precios de Transferencia en los Family Offices<\/strong><\/li>\n<li><strong>Tipos de transacciones entre empresas<\/strong><\/li>\n<li><strong>Requisitos de los Precios de Transferencia<\/strong><\/li>\n<li><strong>Evoluci\u00f3n y cambios recientes<\/strong><\/li>\n<li><strong>Casos pr\u00e1cticos y ejemplos reales<\/strong><\/li>\n<\/ul>\n<p>Esta sesi\u00f3n formativa ser\u00e1 impartida por\u00a0<strong>Vanessa Ramos Ferr\u00edn,<\/strong>\u00a0Managing Partner de TransFair Pricing Solutions.<\/p>\n<p>Las tarifas de inscripci\u00f3n para la siguiente formaci\u00f3n son las siguientes:<\/p>\n<ul>\n<li>Precio socio: 130\u20ac + IVA \/ Precio no socio: \u00a0150\u20ac + IVA<\/li>\n<\/ul>\n<p>Puede consultar el programa\u00a0<a href=\"https:\/\/e-camara.com\/documentos\/luxemburgo\/Formaciones\/SFFLearningSolutions\/TransferPricingProgramme.pdf\" target=\"_blank\" rel=\"noopener\">aqu\u00ed.<\/a>\u00a0Tras finalizar la sesi\u00f3n los asistentes ser\u00e1n invitados a asistir al cocktail networking.<\/p>\n<p>Las plazas son limitadas y reservadas por orden de inscripci\u00f3n.<\/p>\n<p>Para registrarse a la formaci\u00f3n, por favor clique aqu\u00ed:<\/p>\n<\/div>\n<\/section>\n<div class=\"avia-button-wrap avia-button-center avia-builder-el-6 el_after_av_textblock el_before_av_textblock \"><a class=\"avia-color-theme-color avia-font-color-theme-color avia-button avia-button-fullwidth av-ls8v5fu7-6afb5228b6a63dc48a5e2fca0254c239 avia-icon_select-yes-left-icon avia-color-theme-color\" href=\"https:\/\/e-camara.com\/web\/producto\/ticket-20-03-sff-learning-solutions-precios-de-transferencia-para-estructuras-de-family-office\/\" target=\"_blank\" rel=\"noopener noreferrer\"><span class=\"avia_iconbox_title\">INSCRIPCI\u00d3N<\/span><\/a><\/div>\n","protected":false},"excerpt":{"rendered":"<p>En el marco de la comisi\u00f3n de trabajo Spanish Financial Forum, la\u00a0C\u00e1mara Oficial de Comercio de Espa\u00f1a en B\u00e9lgica y Luxemburgo lanza una nueva sesi\u00f3n de su formaci\u00f3n titulada \u201cTransfer [&hellip;]<\/p>\n","protected":false},"author":4,"featured_media":12655,"template":"","meta":{"_acf_changed":false,"_price":"","_stock":"","_tribe_ticket_header":"","_tribe_default_ticket_provider":"","_ticket_start_date":"","_ticket_end_date":"","_tribe_ticket_show_description":"","_tribe_ticket_show_not_going":false,"_tribe_ticket_use_global_stock":"","_tribe_ticket_global_stock_level":"","_global_stock_mode":"","_global_stock_cap":"","_tribe_rsvp_for_event":"","_tribe_ticket_going_count":"","_tribe_ticket_not_going_count":"","_tribe_tickets_list":"[]","_tribe_ticket_has_attendee_info_fields":false,"_tribe_events_status":"","_tribe_events_status_reason":"","footnotes":"","_tec_slr_enabled":"","_tec_slr_layout":""},"tags":[],"tribe_events_cat":[],"class_list":["post-12657","tribe_events","type-tribe_events","status-publish","has-post-thumbnail","hentry"],"acf":[],"yoast_head":"<!-- This site is optimized with the Yoast SEO plugin v27.1.1 - https:\/\/yoast.com\/product\/yoast-seo-wordpress\/ -->\n<title>25\/04 SFF Learning Solutions: Precios de Transferencia para Estructuras de Family Office | SFF<\/title>\n<meta name=\"robots\" content=\"index, follow, max-snippet:-1, max-image-preview:large, max-video-preview:-1\" \/>\n<link rel=\"canonical\" href=\"https:\/\/sff-camara.com\/agenda\/20-03-sff-learning-solutions-transfer-pricing-for-family-office-structures\/\" \/>\n<meta property=\"og:locale\" content=\"es_ES\" \/>\n<meta property=\"og:type\" content=\"article\" \/>\n<meta property=\"og:title\" content=\"25\/04 SFF Learning Solutions: Precios de Transferencia para Estructuras de Family Office | SFF\" \/>\n<meta property=\"og:description\" content=\"En el marco de la comisi\u00f3n de trabajo Spanish Financial Forum, la\u00a0C\u00e1mara Oficial de Comercio de Espa\u00f1a en B\u00e9lgica y Luxemburgo lanza una nueva sesi\u00f3n de su formaci\u00f3n titulada \u201cTransfer [&hellip;]\" \/>\n<meta property=\"og:url\" content=\"https:\/\/sff-camara.com\/agenda\/20-03-sff-learning-solutions-transfer-pricing-for-family-office-structures\/\" \/>\n<meta property=\"og:site_name\" content=\"SFF\" \/>\n<meta property=\"article:modified_time\" content=\"2024-03-15T11:18:09+00:00\" \/>\n<meta property=\"og:image\" content=\"https:\/\/sff-camara.com\/wp-content\/uploads\/2024\/02\/ns-global-international-385p.jpg\" \/>\n\t<meta property=\"og:image:width\" content=\"1200\" \/>\n\t<meta property=\"og:image:height\" content=\"800\" \/>\n\t<meta property=\"og:image:type\" content=\"image\/jpeg\" \/>\n<meta name=\"twitter:card\" content=\"summary_large_image\" \/>\n<meta name=\"twitter:label1\" content=\"Tiempo de lectura\" \/>\n\t<meta name=\"twitter:data1\" content=\"2 minutos\" \/>\n<script type=\"application\/ld+json\" class=\"yoast-schema-graph\">{\"@context\":\"https:\/\/schema.org\",\"@graph\":[{\"@type\":\"WebPage\",\"@id\":\"https:\/\/sff-camara.com\/agenda\/20-03-sff-learning-solutions-transfer-pricing-for-family-office-structures\/\",\"url\":\"https:\/\/sff-camara.com\/agenda\/20-03-sff-learning-solutions-transfer-pricing-for-family-office-structures\/\",\"name\":\"25\/04 SFF Learning Solutions: Precios de Transferencia para Estructuras de Family Office | SFF\",\"isPartOf\":{\"@id\":\"https:\/\/sff-camara.com\/#website\"},\"primaryImageOfPage\":{\"@id\":\"https:\/\/sff-camara.com\/agenda\/20-03-sff-learning-solutions-transfer-pricing-for-family-office-structures\/#primaryimage\"},\"image\":{\"@id\":\"https:\/\/sff-camara.com\/agenda\/20-03-sff-learning-solutions-transfer-pricing-for-family-office-structures\/#primaryimage\"},\"thumbnailUrl\":\"https:\/\/sff-camara.com\/wp-content\/uploads\/2024\/02\/ns-global-international-385p.jpg\",\"datePublished\":\"2024-02-06T11:59:12+00:00\",\"dateModified\":\"2024-03-15T11:18:09+00:00\",\"breadcrumb\":{\"@id\":\"https:\/\/sff-camara.com\/agenda\/20-03-sff-learning-solutions-transfer-pricing-for-family-office-structures\/#breadcrumb\"},\"inLanguage\":\"es\",\"potentialAction\":[{\"@type\":\"ReadAction\",\"target\":[\"https:\/\/sff-camara.com\/agenda\/20-03-sff-learning-solutions-transfer-pricing-for-family-office-structures\/\"]}]},{\"@type\":\"ImageObject\",\"inLanguage\":\"es\",\"@id\":\"https:\/\/sff-camara.com\/agenda\/20-03-sff-learning-solutions-transfer-pricing-for-family-office-structures\/#primaryimage\",\"url\":\"https:\/\/sff-camara.com\/wp-content\/uploads\/2024\/02\/ns-global-international-385p.jpg\",\"contentUrl\":\"https:\/\/sff-camara.com\/wp-content\/uploads\/2024\/02\/ns-global-international-385p.jpg\",\"width\":1200,\"height\":800},{\"@type\":\"BreadcrumbList\",\"@id\":\"https:\/\/sff-camara.com\/agenda\/20-03-sff-learning-solutions-transfer-pricing-for-family-office-structures\/#breadcrumb\",\"itemListElement\":[{\"@type\":\"ListItem\",\"position\":1,\"name\":\"Home\",\"item\":\"https:\/\/sff-camara.com\/\"},{\"@type\":\"ListItem\",\"position\":2,\"name\":\"Events\",\"item\":\"https:\/\/sff-camara.com\/agenda\/\"},{\"@type\":\"ListItem\",\"position\":3,\"name\":\"25\/04 SFF Learning Solutions: Precios de Transferencia para Estructuras de Family Office\"}]},{\"@type\":\"WebSite\",\"@id\":\"https:\/\/sff-camara.com\/#website\",\"url\":\"https:\/\/sff-camara.com\/\",\"name\":\"SFF\",\"description\":\"Spanish Financial Forum in Luxembourg\",\"publisher\":{\"@id\":\"https:\/\/sff-camara.com\/#organization\"},\"potentialAction\":[{\"@type\":\"SearchAction\",\"target\":{\"@type\":\"EntryPoint\",\"urlTemplate\":\"https:\/\/sff-camara.com\/?s={search_term_string}\"},\"query-input\":{\"@type\":\"PropertyValueSpecification\",\"valueRequired\":true,\"valueName\":\"search_term_string\"}}],\"inLanguage\":\"es\"},{\"@type\":\"Organization\",\"@id\":\"https:\/\/sff-camara.com\/#organization\",\"name\":\"Spanish Financial Forum in Luxembourg\",\"url\":\"https:\/\/sff-camara.com\/\",\"logo\":{\"@type\":\"ImageObject\",\"inLanguage\":\"es\",\"@id\":\"https:\/\/sff-camara.com\/#\/schema\/logo\/image\/\",\"url\":\"https:\/\/sff-camara.com\/wp-content\/uploads\/2023\/02\/cropped-LOGO-1.png\",\"contentUrl\":\"https:\/\/sff-camara.com\/wp-content\/uploads\/2023\/02\/cropped-LOGO-1.png\",\"width\":586,\"height\":222,\"caption\":\"Spanish Financial Forum in Luxembourg\"},\"image\":{\"@id\":\"https:\/\/sff-camara.com\/#\/schema\/logo\/image\/\"},\"sameAs\":[\"https:\/\/www.linkedin.com\/company\/camara-oficial-de-comercio-de-espana-en-belgica-y-luxemburgo\/\"]}]}<\/script>\n<!-- \/ Yoast SEO plugin. -->","yoast_head_json":{"title":"25\/04 SFF Learning Solutions: Precios de Transferencia para Estructuras de Family Office | SFF","robots":{"index":"index","follow":"follow","max-snippet":"max-snippet:-1","max-image-preview":"max-image-preview:large","max-video-preview":"max-video-preview:-1"},"canonical":"https:\/\/sff-camara.com\/agenda\/20-03-sff-learning-solutions-transfer-pricing-for-family-office-structures\/","og_locale":"es_ES","og_type":"article","og_title":"25\/04 SFF Learning Solutions: Precios de Transferencia para Estructuras de Family Office | SFF","og_description":"En el marco de la comisi\u00f3n de trabajo Spanish Financial Forum, la\u00a0C\u00e1mara Oficial de Comercio de Espa\u00f1a en B\u00e9lgica y Luxemburgo lanza una nueva sesi\u00f3n de su formaci\u00f3n titulada \u201cTransfer [&hellip;]","og_url":"https:\/\/sff-camara.com\/agenda\/20-03-sff-learning-solutions-transfer-pricing-for-family-office-structures\/","og_site_name":"SFF","article_modified_time":"2024-03-15T11:18:09+00:00","og_image":[{"width":1200,"height":800,"url":"https:\/\/sff-camara.com\/wp-content\/uploads\/2024\/02\/ns-global-international-385p.jpg","type":"image\/jpeg"}],"twitter_card":"summary_large_image","twitter_misc":{"Tiempo de lectura":"2 minutos"},"schema":{"@context":"https:\/\/schema.org","@graph":[{"@type":"WebPage","@id":"https:\/\/sff-camara.com\/agenda\/20-03-sff-learning-solutions-transfer-pricing-for-family-office-structures\/","url":"https:\/\/sff-camara.com\/agenda\/20-03-sff-learning-solutions-transfer-pricing-for-family-office-structures\/","name":"25\/04 SFF Learning Solutions: Precios de Transferencia para Estructuras de Family Office | SFF","isPartOf":{"@id":"https:\/\/sff-camara.com\/#website"},"primaryImageOfPage":{"@id":"https:\/\/sff-camara.com\/agenda\/20-03-sff-learning-solutions-transfer-pricing-for-family-office-structures\/#primaryimage"},"image":{"@id":"https:\/\/sff-camara.com\/agenda\/20-03-sff-learning-solutions-transfer-pricing-for-family-office-structures\/#primaryimage"},"thumbnailUrl":"https:\/\/sff-camara.com\/wp-content\/uploads\/2024\/02\/ns-global-international-385p.jpg","datePublished":"2024-02-06T11:59:12+00:00","dateModified":"2024-03-15T11:18:09+00:00","breadcrumb":{"@id":"https:\/\/sff-camara.com\/agenda\/20-03-sff-learning-solutions-transfer-pricing-for-family-office-structures\/#breadcrumb"},"inLanguage":"es","potentialAction":[{"@type":"ReadAction","target":["https:\/\/sff-camara.com\/agenda\/20-03-sff-learning-solutions-transfer-pricing-for-family-office-structures\/"]}]},{"@type":"ImageObject","inLanguage":"es","@id":"https:\/\/sff-camara.com\/agenda\/20-03-sff-learning-solutions-transfer-pricing-for-family-office-structures\/#primaryimage","url":"https:\/\/sff-camara.com\/wp-content\/uploads\/2024\/02\/ns-global-international-385p.jpg","contentUrl":"https:\/\/sff-camara.com\/wp-content\/uploads\/2024\/02\/ns-global-international-385p.jpg","width":1200,"height":800},{"@type":"BreadcrumbList","@id":"https:\/\/sff-camara.com\/agenda\/20-03-sff-learning-solutions-transfer-pricing-for-family-office-structures\/#breadcrumb","itemListElement":[{"@type":"ListItem","position":1,"name":"Home","item":"https:\/\/sff-camara.com\/"},{"@type":"ListItem","position":2,"name":"Events","item":"https:\/\/sff-camara.com\/agenda\/"},{"@type":"ListItem","position":3,"name":"25\/04 SFF Learning Solutions: Precios de Transferencia para Estructuras de Family Office"}]},{"@type":"WebSite","@id":"https:\/\/sff-camara.com\/#website","url":"https:\/\/sff-camara.com\/","name":"SFF","description":"Spanish Financial Forum in Luxembourg","publisher":{"@id":"https:\/\/sff-camara.com\/#organization"},"potentialAction":[{"@type":"SearchAction","target":{"@type":"EntryPoint","urlTemplate":"https:\/\/sff-camara.com\/?s={search_term_string}"},"query-input":{"@type":"PropertyValueSpecification","valueRequired":true,"valueName":"search_term_string"}}],"inLanguage":"es"},{"@type":"Organization","@id":"https:\/\/sff-camara.com\/#organization","name":"Spanish Financial Forum in Luxembourg","url":"https:\/\/sff-camara.com\/","logo":{"@type":"ImageObject","inLanguage":"es","@id":"https:\/\/sff-camara.com\/#\/schema\/logo\/image\/","url":"https:\/\/sff-camara.com\/wp-content\/uploads\/2023\/02\/cropped-LOGO-1.png","contentUrl":"https:\/\/sff-camara.com\/wp-content\/uploads\/2023\/02\/cropped-LOGO-1.png","width":586,"height":222,"caption":"Spanish Financial Forum in Luxembourg"},"image":{"@id":"https:\/\/sff-camara.com\/#\/schema\/logo\/image\/"},"sameAs":["https:\/\/www.linkedin.com\/company\/camara-oficial-de-comercio-de-espana-en-belgica-y-luxemburgo\/"]}]}},"ticketed":false,"_links":{"self":[{"href":"https:\/\/sff-camara.com\/es\/wp-json\/wp\/v2\/tribe_events\/12657","targetHints":{"allow":["GET"]}}],"collection":[{"href":"https:\/\/sff-camara.com\/es\/wp-json\/wp\/v2\/tribe_events"}],"about":[{"href":"https:\/\/sff-camara.com\/es\/wp-json\/wp\/v2\/types\/tribe_events"}],"author":[{"embeddable":true,"href":"https:\/\/sff-camara.com\/es\/wp-json\/wp\/v2\/users\/4"}],"version-history":[{"count":2,"href":"https:\/\/sff-camara.com\/es\/wp-json\/wp\/v2\/tribe_events\/12657\/revisions"}],"predecessor-version":[{"id":13720,"href":"https:\/\/sff-camara.com\/es\/wp-json\/wp\/v2\/tribe_events\/12657\/revisions\/13720"}],"wp:featuredmedia":[{"embeddable":true,"href":"https:\/\/sff-camara.com\/es\/wp-json\/wp\/v2\/media\/12655"}],"wp:attachment":[{"href":"https:\/\/sff-camara.com\/es\/wp-json\/wp\/v2\/media?parent=12657"}],"wp:term":[{"taxonomy":"post_tag","embeddable":true,"href":"https:\/\/sff-camara.com\/es\/wp-json\/wp\/v2\/tags?post=12657"},{"taxonomy":"tribe_events_cat","embeddable":true,"href":"https:\/\/sff-camara.com\/es\/wp-json\/wp\/v2\/tribe_events_cat?post=12657"}],"curies":[{"name":"wp","href":"https:\/\/api.w.org\/{rel}","templated":true}]}}