{"id":15772,"date":"2024-12-09T07:43:08","date_gmt":"2024-12-09T07:43:08","guid":{"rendered":"https:\/\/sff-camara.com\/?page_id=15772"},"modified":"2024-12-18T10:20:10","modified_gmt":"2024-12-18T10:20:10","slug":"sff-magazine-diciembre-2024","status":"publish","type":"page","link":"https:\/\/sff-camara.com\/es\/sff-magazine\/ediciones\/sff-magazine-diciembre-2024\/","title":{"rendered":"SFF Magazine Diciembre 2024"},"content":{"rendered":"\t\t<div data-elementor-type=\"wp-page\" data-elementor-id=\"15772\" class=\"elementor elementor-15772 elementor-15771\">\n\t\t\t\t\t\t<div class=\" elementor-section elementor-top-section elementor-element elementor-element-132c6cc2 elementor-section-content-middle alpha-section-stretched elementor-section-full_width elementor-section-height-default elementor-section-height-default\" data-id=\"132c6cc2\" data-element_type=\"section\" data-e-type=\"section\" data-settings=\"{&quot;background_background&quot;:&quot;classic&quot;}\">\r\n\t\t\t\t\t\t\t\t<div class=\"elementor-container elementor-column-gap-default\">\r\n\t\t\t\t\r\n\t\t\t\t\t\t\t\t<div class=\" elementor-column elementor-col-100 elementor-top-column elementor-element elementor-element-30f91307 \" data-id=\"30f91307\" data-element_type=\"column\" data-e-type=\"column\">\r\n\r\n\t\t\t\t\r\n\t\t\t\t<div class=\"elementor-widget-wrap elementor-element-populated\">\r\n\t\t\t\t\t\t\t\t\t\t\r\n\t\t\t\t\t\t<div class=\"elementor-element elementor-element-140230dd mb-3 elementor-invisible elementor-widget elementor-widget-heading\" data-id=\"140230dd\" data-element_type=\"widget\" data-e-type=\"widget\" data-settings=\"{&quot;_animation&quot;:&quot;fadeInUpShorter&quot;,&quot;_animation_delay&quot;:500}\" data-widget_type=\"heading.default\">\n\t\t\t\t<div class=\"elementor-widget-container\">\n\t\t\t\t\t<h2 class=\"elementor-heading-title elementor-size-default\">SFF Magazine <span class=\"text-primary\">Diciembre 2024<\/span><\/h2>\t\t\t\t<\/div>\n\t\t\t\t<\/div>\n\t\t\t\t\t\t<\/div>\r\n\t\t\t\t<\/div>\r\n\t\t\t\t\t\t\t\t<\/div>\r\n\t\t\t<\/div>\r\n\t\t\t\t\t<section class=\" elementor-section elementor-top-section elementor-element elementor-element-12c1d4b elementor-section-boxed elementor-section-height-default elementor-section-height-default\" data-id=\"12c1d4b\" data-element_type=\"section\" data-e-type=\"section\">\r\n\t\t\t\t\t\t\t\t<div class=\"elementor-container elementor-column-gap-default\">\r\n\t\t\t\t\r\n\t\t\t\t\t\t\t\t<div class=\" elementor-column elementor-col-100 elementor-top-column elementor-element elementor-element-9e00c66 \" data-id=\"9e00c66\" data-element_type=\"column\" data-e-type=\"column\">\r\n\r\n\t\t\t\t\r\n\t\t\t\t<div class=\"elementor-widget-wrap elementor-element-populated\">\r\n\t\t\t\t\t\t\t\t\t\t\r\n\t\t\t\t\t\t<div class=\"elementor-element elementor-element-6edc6d3 elementor-widget elementor-widget-spacer\" data-id=\"6edc6d3\" data-element_type=\"widget\" data-e-type=\"widget\" data-widget_type=\"spacer.default\">\n\t\t\t\t<div class=\"elementor-widget-container\">\n\t\t\t\t\t\t\t<div class=\"elementor-spacer\">\n\t\t\t<div class=\"elementor-spacer-inner\"><\/div>\n\t\t<\/div>\n\t\t\t\t\t\t<\/div>\n\t\t\t\t<\/div>\n\t\t\t\t\t\t<\/div>\r\n\t\t\t\t<\/div>\r\n\t\t\t\t\t\t\t\t<\/div>\r\n\t\t\t<\/section>\r\n\t\t\t\t\t<div class=\" elementor-section elementor-top-section elementor-element elementor-element-f9ad4d1 elementor-section-content-middle elementor-section-boxed elementor-section-height-default elementor-section-height-default\" data-id=\"f9ad4d1\" data-element_type=\"section\" data-e-type=\"section\">\r\n\t\t\t\t\t\t\t\t<div class=\"elementor-container elementor-column-gap-default\">\r\n\t\t\t\t\r\n\t\t\t\t\t\t\t\t<div class=\" elementor-column elementor-col-50 elementor-top-column elementor-element elementor-element-512a9a7 \" data-id=\"512a9a7\" data-element_type=\"column\" data-e-type=\"column\">\r\n\r\n\t\t\t\t\r\n\t\t\t\t<div class=\"elementor-widget-wrap elementor-element-populated\">\r\n\t\t\t\t\t\t\t\t\t\t\r\n\t\t\t\t\t\t<div class=\"elementor-element elementor-element-5273658 elementor-invisible elementor-widget elementor-widget-heading\" data-id=\"5273658\" data-element_type=\"widget\" data-e-type=\"widget\" data-settings=\"{&quot;_animation&quot;:&quot;fadeInUpShorter&quot;}\" data-widget_type=\"heading.default\">\n\t\t\t\t<div class=\"elementor-widget-container\">\n\t\t\t\t\t<h5 class=\"elementor-heading-title elementor-size-default\">SFF Magazine Diciembre 2024<\/h5>\t\t\t\t<\/div>\n\t\t\t\t<\/div>\n\t\t\t\t<div class=\"elementor-element elementor-element-7b94734 mb-3 elementor-invisible elementor-widget elementor-widget-heading\" data-id=\"7b94734\" data-element_type=\"widget\" data-e-type=\"widget\" data-settings=\"{&quot;_animation&quot;:&quot;fadeInUpShorter&quot;,&quot;_animation_delay&quot;:300}\" data-widget_type=\"heading.default\">\n\t\t\t\t<div class=\"elementor-widget-container\">\n\t\t\t\t\t<h2 class=\"elementor-heading-title elementor-size-default\">Leer y descargar la<\/h2>\t\t\t\t<\/div>\n\t\t\t\t<\/div>\n\t\t\t\t<div class=\"elementor-element elementor-element-2e41fa9 mb-3 elementor-invisible elementor-widget elementor-widget-heading\" data-id=\"2e41fa9\" data-element_type=\"widget\" data-e-type=\"widget\" data-settings=\"{&quot;_animation&quot;:&quot;fadeInUpShorter&quot;,&quot;_animation_delay&quot;:300}\" data-widget_type=\"heading.default\">\n\t\t\t\t<div class=\"elementor-widget-container\">\n\t\t\t\t\t<h2 class=\"elementor-heading-title elementor-size-default\">versi\u00f3n en PDF<\/h2>\t\t\t\t<\/div>\n\t\t\t\t<\/div>\n\t\t\t\t<div class=\"elementor-element elementor-element-f55304f elementor-invisible elementor-widget elementor-widget-heading\" data-id=\"f55304f\" data-element_type=\"widget\" data-e-type=\"widget\" data-settings=\"{&quot;_animation&quot;:&quot;fadeInUpShorter&quot;,&quot;_animation_delay&quot;:400}\" data-widget_type=\"heading.default\">\n\t\t\t\t<div class=\"elementor-widget-container\">\n\t\t\t\t\t<p class=\"elementor-heading-title elementor-size-default\">\u00a1La edici\u00f3n de Diciembre 2024 del SFF Magazine ya est\u00e1 disponible! Haga click en el siguiente enlace para leer y\/o descargar la versi\u00f3n en PDF <\/p>\t\t\t\t<\/div>\n\t\t\t\t<\/div>\n\t\t\t\t<div class=\"elementor-element elementor-element-5308a7c elementor-widget elementor-widget-udesign_widget_button\" data-id=\"5308a7c\" data-element_type=\"widget\" data-e-type=\"widget\" data-widget_type=\"udesign_widget_button.default\">\n\t\t\t\t<div class=\"elementor-widget-container\">\n\t\t\t\t\t<a class=\"btn btn-outline btn-md btn-primary btn-icon btn-icon-right btn-slide-right\" href=\"https:\/\/sff-camara.com\/wp-content\/uploads\/2024\/12\/SFF-Magazine-Diciembre-2024.pdf\" target=\"_blank\" ><span >SFF Magazine Diciembre 2024<\/span><i class=\"fas fa-angle-right\"><\/i><\/a>\t\t\t\t<\/div>\n\t\t\t\t<\/div>\n\t\t\t\t\t\t<\/div>\r\n\t\t\t\t<\/div>\r\n\t\t\t\t\t\t\t\t\t<div class=\" elementor-column elementor-col-50 elementor-top-column elementor-element elementor-element-ab58738 \" data-id=\"ab58738\" data-element_type=\"column\" data-e-type=\"column\">\r\n\r\n\t\t\t\t\r\n\t\t\t\t<div class=\"elementor-widget-wrap elementor-element-populated\">\r\n\t\t\t\t\t\t\t\t\t\t\r\n\t\t\t\t\t\t<div class=\"elementor-element elementor-element-4c65c4c elementor-invisible elementor-widget elementor-widget-image\" data-id=\"4c65c4c\" data-element_type=\"widget\" data-e-type=\"widget\" data-settings=\"{&quot;_animation&quot;:&quot;fadeInRightShorter&quot;}\" data-widget_type=\"image.default\">\n\t\t\t\t<div class=\"elementor-widget-container\">\n\t\t\t\t\t\t\t\t\t\t\t\t<figure class=\"wp-caption\">\n\t\t\t\t\t\t\t\t\t\t\t<a href=\"https:\/\/sff-camara.com\/wp-content\/uploads\/2024\/12\/SFF-Magazine-Diciembre-2024.pdf\" target=\"_blank\">\n\t\t\t\t\t\t\t<img decoding=\"async\" src=\"https:\/\/sff-camara.com\/wp-content\/uploads\/elementor\/thumbs\/Portada-SFF-Magazine-Diciembre-2024-2-qyb39hijvhpmfqiepdksnhlixs24qgnmyxplvoids4.png\" title=\"Cover SFF Magazine December 2024\" alt=\"Cover SFF Magazine December 2024\" loading=\"lazy\" \/>\t\t\t\t\t\t\t\t<\/a>\n\t\t\t\t\t\t\t\t\t\t\t<figcaption class=\"widget-image-caption wp-caption-text\"><\/figcaption>\n\t\t\t\t\t\t\t\t\t\t<\/figure>\n\t\t\t\t\t\t\t\t\t<\/div>\n\t\t\t\t<\/div>\n\t\t\t\t<div class=\"elementor-element elementor-element-924b334 absolute-image elementor-widget__width-initial elementor-absolute elementor-invisible elementor-widget elementor-widget-image\" data-id=\"924b334\" data-element_type=\"widget\" data-e-type=\"widget\" data-settings=\"{&quot;_position&quot;:&quot;absolute&quot;,&quot;_animation&quot;:&quot;fadeIn&quot;,&quot;_animation_delay&quot;:400}\" data-widget_type=\"image.default\">\n\t\t\t\t<div class=\"elementor-widget-container\">\n\t\t\t\t\t\t\t\t\t\t\t\t\t\t\t<img decoding=\"async\" src=\"\/\/d-themes.com\/wordpress\/udesign\/real-estate\/wp-content\/uploads\/sites\/16\/2021\/10\/3.jpg\" title=\"\" alt=\"Background Image\" loading=\"lazy\" \/>\t\t\t\t\t\t\t\t\t\t\t\t\t\t\t<\/div>\n\t\t\t\t<\/div>\n\t\t\t\t\t\t<\/div>\r\n\t\t\t\t<\/div>\r\n\t\t\t\t\t\t\t\t<\/div>\r\n\t\t\t<\/div>\r\n\t\t\t\t\t<div class=\" elementor-section elementor-top-section elementor-element elementor-element-40ba2a1e elementor-section-content-middle elementor-section-boxed elementor-section-height-default elementor-section-height-default\" data-id=\"40ba2a1e\" data-element_type=\"section\" data-e-type=\"section\" data-settings=\"{&quot;background_background&quot;:&quot;classic&quot;}\">\r\n\t\t\t\t\t\t\t\t<div class=\"elementor-container elementor-column-gap-no\">\r\n\t\t\t\t\r\n\t\t\t\t\t\t\t\t<div class=\" elementor-column elementor-col-100 elementor-top-column elementor-element elementor-element-6b2f8e99 \" data-id=\"6b2f8e99\" data-element_type=\"column\" data-e-type=\"column\">\r\n\r\n\t\t\t\t\r\n\t\t\t\t<div class=\"elementor-widget-wrap elementor-element-populated\">\r\n\t\t\t\t\t\t\t\t\t\t\r\n\t\t\t\t\t\t<div class=\"elementor-element elementor-element-3196fbf0 elementor-widget elementor-widget-heading\" data-id=\"3196fbf0\" data-element_type=\"widget\" data-e-type=\"widget\" data-widget_type=\"heading.default\">\n\t\t\t\t<div class=\"elementor-widget-container\">\n\t\t\t\t\t<h2 class=\"elementor-heading-title elementor-size-default\">Suscr\u00edbase al SFF Magazine<\/h2>\t\t\t\t<\/div>\n\t\t\t\t<\/div>\n\t\t\t\t<div class=\"elementor-element elementor-element-3c288a54 elementor-widget elementor-widget-spacer\" data-id=\"3c288a54\" data-element_type=\"widget\" data-e-type=\"widget\" data-widget_type=\"spacer.default\">\n\t\t\t\t<div class=\"elementor-widget-container\">\n\t\t\t\t\t\t\t<div class=\"elementor-spacer\">\n\t\t\t<div class=\"elementor-spacer-inner\"><\/div>\n\t\t<\/div>\n\t\t\t\t\t\t<\/div>\n\t\t\t\t<\/div>\n\t\t\t\t<div class=\"elementor-element elementor-element-d79b18f elementor-widget elementor-widget-heading\" data-id=\"d79b18f\" data-element_type=\"widget\" data-e-type=\"widget\" data-widget_type=\"heading.default\">\n\t\t\t\t<div class=\"elementor-widget-container\">\n\t\t\t\t\t<h6 class=\"elementor-heading-title elementor-size-default\">La primera publicaci\u00f3n que conecta a profesionales del sector financiero de Espa\u00f1a y Luxemburgo<\/h6>\t\t\t\t<\/div>\n\t\t\t\t<\/div>\n\t\t\t\t<div class=\"elementor-element elementor-element-2d6dfbb6 elementor-widget elementor-widget-spacer\" data-id=\"2d6dfbb6\" data-element_type=\"widget\" data-e-type=\"widget\" data-widget_type=\"spacer.default\">\n\t\t\t\t<div class=\"elementor-widget-container\">\n\t\t\t\t\t\t\t<div class=\"elementor-spacer\">\n\t\t\t<div class=\"elementor-spacer-inner\"><\/div>\n\t\t<\/div>\n\t\t\t\t\t\t<\/div>\n\t\t\t\t<\/div>\n\t\t\t\t<div class=\"elementor-element elementor-element-5d84047a elementor-widget elementor-widget-udesign_widget_button\" data-id=\"5d84047a\" data-element_type=\"widget\" data-e-type=\"widget\" data-widget_type=\"udesign_widget_button.default\">\n\t\t\t\t<div class=\"elementor-widget-container\">\n\t\t\t\t\t<a class=\"btn btn-outline btn-md btn-primary btn-icon btn-icon-right btn-slide-right\" href=\"https:\/\/sff-camara.com\/es\/subscribase-al-sff-magazine\/\" ><span >Suscribirse al SFF Magazine<\/span><i class=\"fas fa-angle-right\"><\/i><\/a>\t\t\t\t<\/div>\n\t\t\t\t<\/div>\n\t\t\t\t\t\t<\/div>\r\n\t\t\t\t<\/div>\r\n\t\t\t\t\t\t\t\t<\/div>\r\n\t\t\t<\/div>\r\n\t\t\t\t\t<section class=\" elementor-section elementor-top-section elementor-element elementor-element-634726c alpha-section-stretched elementor-section-boxed elementor-section-height-default elementor-section-height-default\" data-id=\"634726c\" data-element_type=\"section\" data-e-type=\"section\" data-settings=\"{&quot;background_background&quot;:&quot;classic&quot;}\">\r\n\t\t\t\t\t\t\t\t<div class=\"elementor-container elementor-column-gap-default\">\r\n\t\t\t\t\r\n\t\t\t\t\t\t\t\t<div class=\" elementor-column elementor-col-100 elementor-top-column elementor-element elementor-element-e1a0ec9 \" data-id=\"e1a0ec9\" data-element_type=\"column\" data-e-type=\"column\">\r\n\r\n\t\t\t\t\r\n\t\t\t\t<div class=\"elementor-widget-wrap elementor-element-populated\">\r\n\t\t\t\t\t\t\t\t\t\t\r\n\t\t\t\t\t\t<div class=\"elementor-element elementor-element-d77f8d1 elementor-invisible elementor-widget elementor-widget-heading\" data-id=\"d77f8d1\" data-element_type=\"widget\" data-e-type=\"widget\" data-settings=\"{&quot;_animation&quot;:&quot;fadeInUpShorter&quot;}\" data-widget_type=\"heading.default\">\n\t\t\t\t<div class=\"elementor-widget-container\">\n\t\t\t\t\t<h5 class=\"elementor-heading-title elementor-size-default\">SFF Magazine Diciembre 2024<\/h5>\t\t\t\t<\/div>\n\t\t\t\t<\/div>\n\t\t\t\t<div class=\"elementor-element elementor-element-ba90f88 mb-3 elementor-invisible elementor-widget elementor-widget-heading\" data-id=\"ba90f88\" data-element_type=\"widget\" data-e-type=\"widget\" data-settings=\"{&quot;_animation&quot;:&quot;fadeInUpShorter&quot;,&quot;_animation_delay&quot;:300}\" data-widget_type=\"heading.default\">\n\t\t\t\t<div class=\"elementor-widget-container\">\n\t\t\t\t\t<h2 class=\"elementor-heading-title elementor-size-default\">Leer y compartir la<\/h2>\t\t\t\t<\/div>\n\t\t\t\t<\/div>\n\t\t\t\t<div class=\"elementor-element elementor-element-8d8e105 mb-3 elementor-invisible elementor-widget elementor-widget-heading\" data-id=\"8d8e105\" data-element_type=\"widget\" data-e-type=\"widget\" data-settings=\"{&quot;_animation&quot;:&quot;fadeInUpShorter&quot;,&quot;_animation_delay&quot;:300}\" data-widget_type=\"heading.default\">\n\t\t\t\t<div class=\"elementor-widget-container\">\n\t\t\t\t\t<h2 class=\"elementor-heading-title elementor-size-default\">versi\u00f3n digital<\/h2>\t\t\t\t<\/div>\n\t\t\t\t<\/div>\n\t\t\t\t\t\t<\/div>\r\n\t\t\t\t<\/div>\r\n\t\t\t\t\t\t\t\t<\/div>\r\n\t\t\t<\/section>\r\n\t\t\t\t\t<section class=\" elementor-section elementor-top-section elementor-element elementor-element-9257c0e elementor-section-boxed elementor-section-height-default elementor-section-height-default\" data-id=\"9257c0e\" data-element_type=\"section\" data-e-type=\"section\">\r\n\t\t\t\t\t\t\t\t<div class=\"elementor-container elementor-column-gap-default\">\r\n\t\t\t\t\r\n\t\t\t\t\t\t\t\t<div class=\" elementor-column elementor-col-100 elementor-top-column elementor-element elementor-element-6a10629 \" data-id=\"6a10629\" data-element_type=\"column\" data-e-type=\"column\">\r\n\r\n\t\t\t\t\r\n\t\t\t\t<div class=\"elementor-widget-wrap elementor-element-populated\">\r\n\t\t\t\t\t\t\t\t\t\t\r\n\t\t\t\t\t\t<div class=\"elementor-element elementor-element-a60d44f elementor-widget elementor-widget-spacer\" data-id=\"a60d44f\" data-element_type=\"widget\" data-e-type=\"widget\" data-widget_type=\"spacer.default\">\n\t\t\t\t<div class=\"elementor-widget-container\">\n\t\t\t\t\t\t\t<div class=\"elementor-spacer\">\n\t\t\t<div class=\"elementor-spacer-inner\"><\/div>\n\t\t<\/div>\n\t\t\t\t\t\t<\/div>\n\t\t\t\t<\/div>\n\t\t\t\t<div class=\"elementor-element elementor-element-239b08d mb-3 elementor-invisible elementor-widget elementor-widget-heading\" data-id=\"239b08d\" data-element_type=\"widget\" data-e-type=\"widget\" data-settings=\"{&quot;_animation&quot;:&quot;fadeInUpShorter&quot;,&quot;_animation_delay&quot;:300}\" data-widget_type=\"heading.default\">\n\t\t\t\t<div class=\"elementor-widget-container\">\n\t\t\t\t\t<h2 class=\"elementor-heading-title elementor-size-default\">Contenidos<\/h2>\t\t\t\t<\/div>\n\t\t\t\t<\/div>\n\t\t\t\t<div class=\"elementor-element elementor-element-3cddb9e elementor-widget elementor-widget-text-editor\" data-id=\"3cddb9e\" data-element_type=\"widget\" data-e-type=\"widget\" data-widget_type=\"text-editor.default\">\n\t\t\t\t<div class=\"elementor-widget-container\">\n\t\t\t\t\t\t\t\t\t<h5><span style=\"color: #c69c6d;\">ENTREVISTA<\/span><\/h5>\n<ul>\n<li><a href=\"https:\/\/sff-camara.com\/es\/sff-magazine-diciembre-2024\/entrevista-con-alberto-del-cid-consejero-delegado-de-inversis\/\">Entrevista con Alberto del Cid, Consejero Delegado de Inversis<\/a><\/li>\n<\/ul>\n<h5><span style=\"color: #c69c6d;\">MEET THE TEAM<\/span><\/h5>\n<ul>\n<li><a href=\"https:\/\/sff-camara.com\/es\/sff-magazine-diciembre-2024\/meet-the-team-indosuez-wealth-management\/\">Indosuez Wealth Management<\/a><\/li>\n<\/ul>\n<h5><span style=\"color: #c69c6d;\">DOSSIER <\/span>El rol de los consejeros independientes en los consejos de administraci\u00f3n<\/h5>\n<div class=\"page\" title=\"Page 10\">\n<div class=\"section\">\n<div class=\"layoutArea\">\n<div class=\"column\">\n<ul>\n<li><a href=\"https:\/\/sff-camara.com\/es\/sff-magazine-diciembre-2024\/la-importancia-de-los-directores-independientes-en-la-prevencion-de-conflictos-de-interes-y-el-apoyo-en-la-toma-de-decisiones-estrategicas\/\">La importancia de los Consejeros Independientes en la prevenci\u00f3n de conflictos de inter\u00e9s y el apoyo en la toma de decisiones estrat\u00e9gicas<\/a><\/li>\n<li><a href=\"https:\/\/sff-camara.com\/es\/sff-magazine-diciembre-2024\/directores-independientes-y-buena-gobernanza-son-necesarios-los-directores-independientes-y-cuales-son-sus-deberes-y-responsabilidades\/\">Consejeros independientes y buena gobernanza: \u00bfSon necesarios los directores independientes y cu\u00e1les son sus deberes y responsabilidades?<\/a><\/li>\n<li><a href=\"https:\/\/sff-camara.com\/es\/sff-magazine-diciembre-2024\/directores-independientes-pilares-estrategicos-en-un-entorno-de-cambio-y-disrupcion\/\">Consejeros Independientes: Pilares Estrat\u00e9gicos en un Entorno de Cambio y Disrupci\u00f3n<\/a><\/li>\n<li><a href=\"https:\/\/sff-camara.com\/es\/sff-magazine-diciembre-2024\/el-rol-del-ila-en-la-promocion-de-la-gobernanza-corporativa-de-excelencia-en-luxemburgo\/\">El rol del ILA en la promoci\u00f3n de la gobernanza corporativa de excelencia en Luxemburgo<\/a><\/li>\n<li><a href=\"https:\/\/sff-camara.com\/es\/sff-magazine-diciembre-2024\/el-papel-de-los-directores-independientes\/\">El papel de los consejeros independientes<\/a><\/li>\n<\/ul>\n<\/div>\n<\/div>\n<\/div>\n<\/div>\n<h5><span style=\"color: #c69c6d;\">WOMEN WHO INSPIRE: FINANCE<\/span><\/h5>\n<ul>\n<li><a href=\"https:\/\/sff-camara.com\/es\/sff-magazine-diciembre-2024\/women-who-inspire-finance-berta-blasco\/\">Berta Blasco L\u00e1zaro<\/a><\/li>\n<\/ul>\n<h5><span style=\"color: #c69c6d;\">ART\u00cdCULOS<\/span><\/h5>\n<div class=\"page\" title=\"Page 18\">\n<div class=\"layoutArea\">\n<div class=\"column\">\n<div class=\"page\" title=\"Page 18\">\n<div class=\"layoutArea\">\n<div class=\"column\">\n<ul>\n<li><a href=\"https:\/\/sff-camara.com\/es\/sff-magazine-diciembre-2024\/el-impacto-de-la-ola-regulatoria-en-la-estrategia-de-las-entidades-financieras\/\">El impacto de la ola regulatoria en la estrategia de las entidades financieras<\/a><\/li>\n<\/ul>\n<\/div>\n<\/div>\n<\/div>\n<\/div>\n<\/div>\n<\/div>\n<h5><span style=\"color: #c69c6d;\"><span style=\"caret-color: #c69c6d;\">FLASH NEWS<\/span><\/span><\/h5>\n<ul>\n<li><a href=\"https:\/\/sff-camara.com\/es\/sff-magazine-diciembre-2024\/antwort-capital-obtiene-la-licencia-aifm-ampliando-su-oferta-de-inversiones-alternativas\/\">Antwort Capital obtiene la licencia AIFM, ampliando su oferta de inversiones alternativas<\/a><\/li>\n<li><a href=\"https:\/\/sff-camara.com\/es\/sff-magazine-diciembre-2024\/adepa-completa-con-exito-la-adquisicion-de-fidupar\/\">ADEPA completa con \u00e9xito la adquisici\u00f3n de FIDUPAR<\/a><\/li>\n<\/ul>\n\t\t\t\t\t\t\t\t<\/div>\n\t\t\t\t<\/div>\n\t\t\t\t<div class=\"elementor-element elementor-element-5526352 elementor-widget-divider--view-line elementor-widget elementor-widget-divider\" data-id=\"5526352\" data-element_type=\"widget\" data-e-type=\"widget\" data-widget_type=\"divider.default\">\n\t\t\t\t<div class=\"elementor-widget-container\">\n\t\t\t\t\t\t\t<div class=\"elementor-divider\">\n\t\t\t<span class=\"elementor-divider-separator\">\n\t\t\t\t\t\t<\/span>\n\t\t<\/div>\n\t\t\t\t\t\t<\/div>\n\t\t\t\t<\/div>\n\t\t\t\t\t\t<\/div>\r\n\t\t\t\t<\/div>\r\n\t\t\t\t\t\t\t\t<\/div>\r\n\t\t\t<\/section>\r\n\t\t\t\t\t<section class=\" elementor-section elementor-top-section elementor-element elementor-element-468713a elementor-section-boxed elementor-section-height-default elementor-section-height-default\" data-id=\"468713a\" data-element_type=\"section\" data-e-type=\"section\">\r\n\t\t\t\t\t\t\t\t<div class=\"elementor-container elementor-column-gap-default\">\r\n\t\t\t\t\r\n\t\t\t\t\t\t\t\t<div class=\" elementor-column elementor-col-100 elementor-top-column elementor-element elementor-element-f7cd88b \" data-id=\"f7cd88b\" data-element_type=\"column\" data-e-type=\"column\">\r\n\r\n\t\t\t\t\r\n\t\t\t\t<div class=\"elementor-widget-wrap elementor-element-populated\">\r\n\t\t\t\t\t\t\t\t\t\t\r\n\t\t\t\t\t\t<div class=\"elementor-element elementor-element-a035cd6 elementor-widget elementor-widget-spacer\" data-id=\"a035cd6\" data-element_type=\"widget\" data-e-type=\"widget\" data-widget_type=\"spacer.default\">\n\t\t\t\t<div class=\"elementor-widget-container\">\n\t\t\t\t\t\t\t<div class=\"elementor-spacer\">\n\t\t\t<div class=\"elementor-spacer-inner\"><\/div>\n\t\t<\/div>\n\t\t\t\t\t\t<\/div>\n\t\t\t\t<\/div>\n\t\t\t\t<div class=\"ribbon-widget elementor-element elementor-element-5957f96 elementor-widget elementor-widget-udesign_widget_posts elementor-widget-theme-post-content\" data-id=\"5957f96\" data-element_type=\"widget\" data-e-type=\"widget\" data-widget_type=\"udesign_widget_posts.default\">\n\t\t<div class=\"ribbon ribbon-5957f96 ribbon-type-2 ribbon-top-left\">\r\n\t\t\t\t\t\t\t\t<span class=\"ribbon-text\">\r\n\t\t\t\t\t\t\t\t\tInterview\r\n\t\t\t\t\t\t\t\t<\/span>\r\n\t\t\t\t\t\t\t<\/div>\t\t<div class=\"elementor-widget-container\">\n\t\t\t\t\t<div class=\"posts  row cols-lg-1 cols-md-1 cols-sm-1 cols-1 cols-xl-1 posts list-type-posts row cols-lg-1 cols-md-1 cols-sm-1 cols-1 cols-xl-1\" data-post-type=\"list\">\r\n<div class=\"post-wrap \" data-post-image=\"full\">\r\n\r\n\t\r\n\t<article class=\"post-15744 post type-post status-publish format-standard has-post-thumbnail hentry category-sff-magazine-diciembre-2024 tag-asset-management-es tag-banca-digital tag-banking-es tag-distribucion-de-fondos post  post-list\">\r\n\t\t\t\t\t<figure class=\"post-media\">\r\n\t\t\t\t\t\t\t\t<a href=\"https:\/\/sff-camara.com\/es\/sff-magazine-diciembre-2024\/entrevista-con-alberto-del-cid-consejero-delegado-de-inversis\/\" aria-label=\"Post Media\">\r\n\t\t\t\t\t<img fetchpriority=\"high\" decoding=\"async\" width=\"3168\" height=\"2113\" src=\"https:\/\/sff-camara.com\/wp-content\/uploads\/2024\/12\/Entrevista-Alberto-del-Cid.png\" class=\"attachment-full size-full wp-post-image\" alt=\"\" srcset=\"https:\/\/sff-camara.com\/wp-content\/uploads\/2024\/12\/Entrevista-Alberto-del-Cid.png 3168w, https:\/\/sff-camara.com\/wp-content\/uploads\/2024\/12\/Entrevista-Alberto-del-Cid-1024x683.png 1024w, https:\/\/sff-camara.com\/wp-content\/uploads\/2024\/12\/Entrevista-Alberto-del-Cid-768x512.png 768w, https:\/\/sff-camara.com\/wp-content\/uploads\/2024\/12\/Entrevista-Alberto-del-Cid-1536x1024.png 1536w, https:\/\/sff-camara.com\/wp-content\/uploads\/2024\/12\/Entrevista-Alberto-del-Cid-2048x1366.png 2048w\" sizes=\"(max-width: 3168px) 100vw, 3168px\" \/>\t\t\t\t<\/a>\r\n\t\t\t<\/figure>\r\n\t\t\t<a class=\"post-calendar\" href=\"https:\/\/sff-camara.com\/es\/2024\/12\/11\/\">\r\n\t<span class=\"post-day\">11<\/span>\r\n\t<span class=\"post-month\">Dic<\/span>\r\n<\/a>\r\n<div class=\"post-details\">\r\n\t<div class=\"post-cats\"><a href=\"https:\/\/sff-camara.com\/es\/categoria\/sff-magazine-diciembre-2024\/\" rel=\"category tag\">SFF Magazine Diciembre 2024<\/a><\/div><h3 class=\"post-title\">\r\n\t<a href=\"https:\/\/sff-camara.com\/es\/sff-magazine-diciembre-2024\/entrevista-con-alberto-del-cid-consejero-delegado-de-inversis\/\">\r\n\t\tEntrevista con Alberto del Cid, Consejero Delegado de Inversis\t<\/a>\r\n<\/h3>\r\n<div class=\"post-content\">\r\n\t<p>En la edici\u00f3n de diciembre de SFF Magazine, tenemos el privilegio de conversar con Alberto del Cid, una figura clave en el panorama financiero espa\u00f1ol. Desde 2020, Del Cid ejerce como Consejero Delegado de Inversis, compa\u00f1\u00eda que, bajo su liderazgo, ha consolidado su posici\u00f3n como&hellip;<\/p><\/div>\r\n<div class=\"post-meta\">\r\n\t<div class=\"post-author\">\r\n\t\tby <a href=\"https:\/\/sff-camara.com\/es\/author\/planinluxadmin\/\" title=\"Entradas de SFF\" rel=\"author\">SFF<\/a>\t<\/div>\r\n\t<a href=\"#\" class=\"vote-link like\" data-count=\"0\" data-id=\"15744\">0<\/a>\r\n\t<\/div>\r\n<\/div>\r\n\t<\/article>\r\n\r\n\t\r\n<\/div>\r\n\r\n<\/div>\t\t\t\t<\/div>\n\t\t\t\t<\/div>\n\t\t\t\t\t\t<\/div>\r\n\t\t\t\t<\/div>\r\n\t\t\t\t\t\t\t\t<\/div>\r\n\t\t\t<\/section>\r\n\t\t\t\t\t<section class=\" elementor-section elementor-top-section elementor-element elementor-element-219e3c6 elementor-section-boxed elementor-section-height-default elementor-section-height-default\" data-id=\"219e3c6\" data-element_type=\"section\" data-e-type=\"section\">\r\n\t\t\t\t\t\t\t\t<div class=\"elementor-container elementor-column-gap-default\">\r\n\t\t\t\t\r\n\t\t\t\t\t\t\t\t<div class=\" elementor-column elementor-col-100 elementor-top-column elementor-element elementor-element-cf3f50a \" data-id=\"cf3f50a\" data-element_type=\"column\" data-e-type=\"column\">\r\n\r\n\t\t\t\t\r\n\t\t\t\t<div class=\"elementor-widget-wrap elementor-element-populated\">\r\n\t\t\t\t\t\t\t\t\t\t\r\n\t\t\t\t\t\t<div class=\"ribbon-widget elementor-element elementor-element-735ebdf elementor-widget elementor-widget-udesign_widget_posts elementor-widget-theme-post-content\" data-id=\"735ebdf\" data-element_type=\"widget\" data-e-type=\"widget\" data-widget_type=\"udesign_widget_posts.default\">\n\t\t<div class=\"ribbon ribbon-735ebdf ribbon-type-2 ribbon-top-left\">\r\n\t\t\t\t\t\t\t\t<span class=\"ribbon-text\">\r\n\t\t\t\t\t\t\t\t\tMeet the Team\r\n\t\t\t\t\t\t\t\t<\/span>\r\n\t\t\t\t\t\t\t<\/div>\t\t<div class=\"elementor-widget-container\">\n\t\t\t\t\t<div class=\"posts  row cols-lg-1 cols-md-1 cols-sm-1 cols-1 cols-xl-1 posts list-type-posts row cols-lg-1 cols-md-1 cols-sm-1 cols-1 cols-xl-1\" data-post-type=\"list\">\r\n<div class=\"post-wrap \" data-post-image=\"full\">\r\n\r\n\t\r\n\t<article class=\"post-15551 post type-post status-publish format-standard has-post-thumbnail hentry category-sff-magazine-diciembre-2024 tag-banking-es post  post-list\">\r\n\t\t\t\t\t<figure class=\"post-media\">\r\n\t\t\t\t\t\t\t\t<a href=\"https:\/\/sff-camara.com\/es\/sff-magazine-diciembre-2024\/meet-the-team-indosuez-wealth-management\/\" aria-label=\"Post Media\">\r\n\t\t\t\t\t<img decoding=\"async\" width=\"1920\" height=\"2560\" src=\"https:\/\/sff-camara.com\/wp-content\/uploads\/2024\/12\/Unknown-1-scaled.jpeg\" class=\"attachment-full size-full wp-post-image\" alt=\"\" srcset=\"https:\/\/sff-camara.com\/wp-content\/uploads\/2024\/12\/Unknown-1-scaled.jpeg 1920w, https:\/\/sff-camara.com\/wp-content\/uploads\/2024\/12\/Unknown-1-768x1024.jpeg 768w, https:\/\/sff-camara.com\/wp-content\/uploads\/2024\/12\/Unknown-1-1152x1536.jpeg 1152w, https:\/\/sff-camara.com\/wp-content\/uploads\/2024\/12\/Unknown-1-1536x2048.jpeg 1536w\" sizes=\"(max-width: 1920px) 100vw, 1920px\" \/>\t\t\t\t<\/a>\r\n\t\t\t<\/figure>\r\n\t\t\t<a class=\"post-calendar\" href=\"https:\/\/sff-camara.com\/es\/2024\/12\/11\/\">\r\n\t<span class=\"post-day\">11<\/span>\r\n\t<span class=\"post-month\">Dic<\/span>\r\n<\/a>\r\n<div class=\"post-details\">\r\n\t<div class=\"post-cats\"><a href=\"https:\/\/sff-camara.com\/es\/categoria\/sff-magazine-diciembre-2024\/\" rel=\"category tag\">SFF Magazine Diciembre 2024<\/a><\/div><h3 class=\"post-title\">\r\n\t<a href=\"https:\/\/sff-camara.com\/es\/sff-magazine-diciembre-2024\/meet-the-team-indosuez-wealth-management\/\">\r\n\t\tMEET THE TEAM &#8211; Indosuez Wealth Management\t<\/a>\r\n<\/h3>\r\n<div class=\"post-content\">\r\n\t<p>Indosuez Wealth Management Indosuez Wealth Management es la marca global de gesti\u00f3n de patrimonios del Grupo Cr\u00e9dit Agricole, el noveno banco m\u00e1s grande del mundo por balance (seg\u00fan The Banker 2024), el primer banco minorista en la Uni\u00f3n Europea (basado en n\u00famero de clientes), el&hellip;<\/p><\/div>\r\n<div class=\"post-meta\">\r\n\t<div class=\"post-author\">\r\n\t\tby <a href=\"https:\/\/sff-camara.com\/es\/author\/planinluxadmin\/\" title=\"Entradas de SFF\" rel=\"author\">SFF<\/a>\t<\/div>\r\n\t<a href=\"#\" class=\"vote-link like\" data-count=\"0\" data-id=\"15551\">0<\/a>\r\n\t<\/div>\r\n<\/div>\r\n\t<\/article>\r\n\r\n\t\r\n<\/div>\r\n\r\n<\/div>\t\t\t\t<\/div>\n\t\t\t\t<\/div>\n\t\t\t\t<div class=\"elementor-element elementor-element-7e4f3e2 elementor-widget elementor-widget-spacer\" data-id=\"7e4f3e2\" data-element_type=\"widget\" data-e-type=\"widget\" data-widget_type=\"spacer.default\">\n\t\t\t\t<div class=\"elementor-widget-container\">\n\t\t\t\t\t\t\t<div class=\"elementor-spacer\">\n\t\t\t<div class=\"elementor-spacer-inner\"><\/div>\n\t\t<\/div>\n\t\t\t\t\t\t<\/div>\n\t\t\t\t<\/div>\n\t\t\t\t\t\t<\/div>\r\n\t\t\t\t<\/div>\r\n\t\t\t\t\t\t\t\t<\/div>\r\n\t\t\t<\/section>\r\n\t\t\t\t\t<section class=\" elementor-section elementor-top-section elementor-element elementor-element-971636c alpha-section-stretched elementor-section-boxed elementor-section-height-default elementor-section-height-default\" data-id=\"971636c\" data-element_type=\"section\" data-e-type=\"section\" data-settings=\"{&quot;background_background&quot;:&quot;classic&quot;}\">\r\n\t\t\t\t\t\t\t\t<div class=\"elementor-container elementor-column-gap-default\">\r\n\t\t\t\t\r\n\t\t\t\t\t\t\t\t<div class=\" elementor-column elementor-col-100 elementor-top-column elementor-element elementor-element-f880bec \" data-id=\"f880bec\" data-element_type=\"column\" data-e-type=\"column\">\r\n\r\n\t\t\t\t\r\n\t\t\t\t<div class=\"elementor-widget-wrap elementor-element-populated\">\r\n\t\t\t\t\t\t\t\t\t\t\r\n\t\t\t\t\t\t<div class=\"elementor-element elementor-element-93f2141 elementor-widget elementor-widget-spacer\" data-id=\"93f2141\" data-element_type=\"widget\" data-e-type=\"widget\" data-widget_type=\"spacer.default\">\n\t\t\t\t<div class=\"elementor-widget-container\">\n\t\t\t\t\t\t\t<div class=\"elementor-spacer\">\n\t\t\t<div class=\"elementor-spacer-inner\"><\/div>\n\t\t<\/div>\n\t\t\t\t\t\t<\/div>\n\t\t\t\t<\/div>\n\t\t\t\t<div class=\"elementor-element elementor-element-606129f elementor-view-framed elementor-shape-circle elementor-invisible elementor-widget elementor-widget-icon\" data-id=\"606129f\" data-element_type=\"widget\" data-e-type=\"widget\" data-settings=\"{&quot;_animation&quot;:&quot;zoomIn&quot;}\" data-widget_type=\"icon.default\">\n\t\t\t\t<div class=\"elementor-widget-container\">\n\t\t\t\t\t\t\t<div class=\"elementor-icon-wrapper\">\n\t\t\t<div class=\"elementor-icon\">\n\t\t\t<i aria-hidden=\"true\" class=\"fas fa-chevron-down\"><\/i>\t\t\t<\/div>\n\t\t<\/div>\n\t\t\t\t\t\t<\/div>\n\t\t\t\t<\/div>\n\t\t\t\t<div class=\"elementor-element elementor-element-b77733e elementor-widget elementor-widget-spacer\" data-id=\"b77733e\" data-element_type=\"widget\" data-e-type=\"widget\" data-widget_type=\"spacer.default\">\n\t\t\t\t<div class=\"elementor-widget-container\">\n\t\t\t\t\t\t\t<div class=\"elementor-spacer\">\n\t\t\t<div class=\"elementor-spacer-inner\"><\/div>\n\t\t<\/div>\n\t\t\t\t\t\t<\/div>\n\t\t\t\t<\/div>\n\t\t\t\t<div class=\"elementor-element elementor-element-68e8d88 mb-3 elementor-invisible elementor-widget elementor-widget-heading\" data-id=\"68e8d88\" data-element_type=\"widget\" data-e-type=\"widget\" data-settings=\"{&quot;_animation&quot;:&quot;fadeInUpShorter&quot;,&quot;_animation_delay&quot;:500}\" data-widget_type=\"heading.default\">\n\t\t\t\t<div class=\"elementor-widget-container\">\n\t\t\t\t\t<h3 class=\"elementor-heading-title elementor-size-default\">Dossier <font color=\"#c88a5d\"><span>El rol de los Directores Independientes en los Consejos de Administraci\u00f3n<\/span><\/font><\/h3>\t\t\t\t<\/div>\n\t\t\t\t<\/div>\n\t\t\t\t<div class=\"elementor-element elementor-element-ef94b4b elementor-widget elementor-widget-text-editor\" data-id=\"ef94b4b\" data-element_type=\"widget\" data-e-type=\"widget\" data-widget_type=\"text-editor.default\">\n\t\t\t\t<div class=\"elementor-widget-container\">\n\t\t\t\t\t\t\t\t\t<p>En un entorno empresarial en constante evoluci\u00f3n, los consejeros independientes se han convertido en piezas clave dentro de los consejos de administraci\u00f3n, aportando una perspectiva imparcial y estrat\u00e9gica que refuerza la gobernanza corporativa. En Luxemburgo, un centro financiero global y hub empresarial de creciente relevancia, el papel de estos profesionales adquiere una dimensi\u00f3n a\u00fan m\u00e1s significativa.<\/p>\n<p>Este dossier trimestral explora en profundidad el impacto y las responsabilidades de los consejeros independientes en los consejos de administraci\u00f3n en Luxemburgo, a trav\u00e9s de la mirada experta de quienes lideran y analizan este \u00e1mbito. Desde empresas que comparten su experiencia en la incorporaci\u00f3n de perfiles independientes hasta profesionales que revelan los desaf\u00edos y oportunidades de su rol, los art\u00edculos presentados en esta edici\u00f3n abordan temas cr\u00edticos como la \u00e9tica, la transparencia y el equilibrio en la toma de decisiones.<\/p>\n<p>Nuestro objetivo con este dossier es no solo informar, sino tambi\u00e9n inspirar a las organizaciones a reflexionar sobre la composici\u00f3n de sus consejos y el valor a\u00f1adido que los consejeros independientes pueden aportar a la sostenibilidad y competitividad empresarial. Los invitamos a sumergirse en este an\u00e1lisis, confiando en que estas reflexiones servir\u00e1n como gu\u00eda para fortalecer la pr\u00e1ctica de la gobernanza en Luxemburgo y m\u00e1s all\u00e1.<\/p>\n\t\t\t\t\t\t\t\t<\/div>\n\t\t\t\t<\/div>\n\t\t\t\t<div class=\"elementor-element elementor-element-88f2d1c elementor-widget elementor-widget-spacer\" data-id=\"88f2d1c\" data-element_type=\"widget\" data-e-type=\"widget\" data-widget_type=\"spacer.default\">\n\t\t\t\t<div class=\"elementor-widget-container\">\n\t\t\t\t\t\t\t<div class=\"elementor-spacer\">\n\t\t\t<div class=\"elementor-spacer-inner\"><\/div>\n\t\t<\/div>\n\t\t\t\t\t\t<\/div>\n\t\t\t\t<\/div>\n\t\t\t\t<div class=\"ribbon-widget elementor-element elementor-element-73156c8 elementor-widget elementor-widget-udesign_widget_posts elementor-widget-theme-post-content\" data-id=\"73156c8\" data-element_type=\"widget\" data-e-type=\"widget\" data-widget_type=\"udesign_widget_posts.default\">\n\t\t<div class=\"ribbon ribbon-73156c8 ribbon-type-2 ribbon-top-left\">\r\n\t\t\t\t\t\t\t\t<span class=\"ribbon-text\">\r\n\t\t\t\t\t\t\t\t\tDossier \/ Article\r\n\t\t\t\t\t\t\t\t<\/span>\r\n\t\t\t\t\t\t\t<\/div>\t\t<div class=\"elementor-widget-container\">\n\t\t\t\t\t<div class=\"posts  row cols-lg-1 cols-md-1 cols-sm-1 cols-1 cols-xl-1 posts list-type-posts row cols-lg-1 cols-md-1 cols-sm-1 cols-1 cols-xl-1\" data-post-type=\"list\">\r\n<div class=\"post-wrap \" data-post-image=\"full\">\r\n\r\n\t\r\n\t<article class=\"post-15574 post type-post status-publish format-standard has-post-thumbnail hentry category-sff-magazine-diciembre-2024 tag-consejero-independiente tag-gobernanza post  post-list\">\r\n\t\t\t\t\t<figure class=\"post-media\">\r\n\t\t\t\t\t\t\t\t<a href=\"https:\/\/sff-camara.com\/es\/sff-magazine-diciembre-2024\/la-importancia-de-los-directores-independientes-en-la-prevencion-de-conflictos-de-interes-y-el-apoyo-en-la-toma-de-decisiones-estrategicas\/\" aria-label=\"Post Media\">\r\n\t\t\t\t\t<img decoding=\"async\" width=\"2560\" height=\"1280\" src=\"https:\/\/sff-camara.com\/wp-content\/uploads\/2024\/12\/MEBS-Article-scaled.jpeg\" class=\"attachment-full size-full wp-post-image\" alt=\"\" srcset=\"https:\/\/sff-camara.com\/wp-content\/uploads\/2024\/12\/MEBS-Article-scaled.jpeg 2560w, https:\/\/sff-camara.com\/wp-content\/uploads\/2024\/12\/MEBS-Article-1024x512.jpeg 1024w, https:\/\/sff-camara.com\/wp-content\/uploads\/2024\/12\/MEBS-Article-768x384.jpeg 768w, https:\/\/sff-camara.com\/wp-content\/uploads\/2024\/12\/MEBS-Article-1536x768.jpeg 1536w, https:\/\/sff-camara.com\/wp-content\/uploads\/2024\/12\/MEBS-Article-2048x1024.jpeg 2048w\" sizes=\"(max-width: 2560px) 100vw, 2560px\" \/>\t\t\t\t\t\t<figcaption class=\"thumbnail-caption\">\r\n\t\t\t\t\t\t\tDouble exposure image of business people\t\t\t\t\t\t<\/figcaption>\r\n\t\t\t\t\t\t\t\t\t\t<\/a>\r\n\t\t\t<\/figure>\r\n\t\t\t<a class=\"post-calendar\" href=\"https:\/\/sff-camara.com\/es\/2024\/12\/11\/\">\r\n\t<span class=\"post-day\">11<\/span>\r\n\t<span class=\"post-month\">Dic<\/span>\r\n<\/a>\r\n<div class=\"post-details\">\r\n\t<div class=\"post-cats\"><a href=\"https:\/\/sff-camara.com\/es\/categoria\/sff-magazine-diciembre-2024\/\" rel=\"category tag\">SFF Magazine Diciembre 2024<\/a><\/div><h3 class=\"post-title\">\r\n\t<a href=\"https:\/\/sff-camara.com\/es\/sff-magazine-diciembre-2024\/la-importancia-de-los-directores-independientes-en-la-prevencion-de-conflictos-de-interes-y-el-apoyo-en-la-toma-de-decisiones-estrategicas\/\">\r\n\t\tLa importancia de los Consejeros Independientes en la prevenci\u00f3n de conflictos de inter\u00e9s y el apoyo en la toma de decisiones estrat\u00e9gicas\t<\/a>\r\n<\/h3>\r\n<div class=\"post-content\">\r\n\t<p>En un entorno financiero internacional caracterizado por una creciente complejidad y cambios regulatorios continuos, el papel de los consejeros\u00a0independientes ha adquirido una relevancia sin precedentes. Ahora m\u00e1s que nunca, el gobierno corporativo est\u00e1 sometido a un mayor control, tanto por parte de los reguladores como&hellip;<\/p><\/div>\r\n<div class=\"post-meta\">\r\n\t<div class=\"post-author\">\r\n\t\tby <a href=\"https:\/\/sff-camara.com\/es\/author\/planinluxadmin\/\" title=\"Entradas de SFF\" rel=\"author\">SFF<\/a>\t<\/div>\r\n\t<a href=\"#\" class=\"vote-link like\" data-count=\"0\" data-id=\"15574\">0<\/a>\r\n\t<\/div>\r\n<\/div>\r\n\t<\/article>\r\n\r\n\t\r\n<\/div>\r\n\r\n<\/div>\t\t\t\t<\/div>\n\t\t\t\t<\/div>\n\t\t\t\t<div class=\"elementor-element elementor-element-4948818 elementor-widget elementor-widget-spacer\" data-id=\"4948818\" data-element_type=\"widget\" data-e-type=\"widget\" data-widget_type=\"spacer.default\">\n\t\t\t\t<div class=\"elementor-widget-container\">\n\t\t\t\t\t\t\t<div class=\"elementor-spacer\">\n\t\t\t<div class=\"elementor-spacer-inner\"><\/div>\n\t\t<\/div>\n\t\t\t\t\t\t<\/div>\n\t\t\t\t<\/div>\n\t\t\t\t<div class=\"ribbon-widget elementor-element elementor-element-1d2abbf elementor-widget elementor-widget-udesign_widget_posts elementor-widget-theme-post-content\" data-id=\"1d2abbf\" data-element_type=\"widget\" data-e-type=\"widget\" data-widget_type=\"udesign_widget_posts.default\">\n\t\t<div class=\"ribbon ribbon-1d2abbf ribbon-type-2 ribbon-top-left\">\r\n\t\t\t\t\t\t\t\t<span class=\"ribbon-text\">\r\n\t\t\t\t\t\t\t\t\tDossier \/ Article\r\n\t\t\t\t\t\t\t\t<\/span>\r\n\t\t\t\t\t\t\t<\/div>\t\t<div class=\"elementor-widget-container\">\n\t\t\t\t\t<div class=\"posts  row cols-lg-1 cols-md-1 cols-sm-1 cols-1 cols-xl-1 posts list-type-posts row cols-lg-1 cols-md-1 cols-sm-1 cols-1 cols-xl-1\" data-post-type=\"list\">\r\n<div class=\"post-wrap \" data-post-image=\"full\">\r\n\r\n\t\r\n\t<article class=\"post-15470 post type-post status-publish format-standard has-post-thumbnail hentry category-sff-magazine-diciembre-2024 tag-consejero-independiente tag-gobernanza post  post-list\">\r\n\t\t\t\t\t<figure class=\"post-media\">\r\n\t\t\t\t\t\t\t\t<a href=\"https:\/\/sff-camara.com\/es\/sff-magazine-diciembre-2024\/directores-independientes-y-buena-gobernanza-son-necesarios-los-directores-independientes-y-cuales-son-sus-deberes-y-responsabilidades\/\" aria-label=\"Post Media\">\r\n\t\t\t\t\t<img loading=\"lazy\" decoding=\"async\" width=\"2560\" height=\"1517\" src=\"https:\/\/sff-camara.com\/wp-content\/uploads\/2024\/12\/Simmons-Simmons-Article-scaled.jpeg\" class=\"attachment-full size-full wp-post-image\" alt=\"\" srcset=\"https:\/\/sff-camara.com\/wp-content\/uploads\/2024\/12\/Simmons-Simmons-Article-scaled.jpeg 2560w, https:\/\/sff-camara.com\/wp-content\/uploads\/2024\/12\/Simmons-Simmons-Article-1024x607.jpeg 1024w, https:\/\/sff-camara.com\/wp-content\/uploads\/2024\/12\/Simmons-Simmons-Article-768x455.jpeg 768w, https:\/\/sff-camara.com\/wp-content\/uploads\/2024\/12\/Simmons-Simmons-Article-1536x910.jpeg 1536w, https:\/\/sff-camara.com\/wp-content\/uploads\/2024\/12\/Simmons-Simmons-Article-2048x1214.jpeg 2048w\" sizes=\"(max-width: 2560px) 100vw, 2560px\" \/>\t\t\t\t\t\t<figcaption class=\"thumbnail-caption\">\r\n\t\t\t\t\t\t\tConference table and chairs in empty meeting room\t\t\t\t\t\t<\/figcaption>\r\n\t\t\t\t\t\t\t\t\t\t<\/a>\r\n\t\t\t<\/figure>\r\n\t\t\t<a class=\"post-calendar\" href=\"https:\/\/sff-camara.com\/es\/2024\/12\/02\/\">\r\n\t<span class=\"post-day\">02<\/span>\r\n\t<span class=\"post-month\">Dic<\/span>\r\n<\/a>\r\n<div class=\"post-details\">\r\n\t<div class=\"post-cats\"><a href=\"https:\/\/sff-camara.com\/es\/categoria\/sff-magazine-diciembre-2024\/\" rel=\"category tag\">SFF Magazine Diciembre 2024<\/a><\/div><h3 class=\"post-title\">\r\n\t<a href=\"https:\/\/sff-camara.com\/es\/sff-magazine-diciembre-2024\/directores-independientes-y-buena-gobernanza-son-necesarios-los-directores-independientes-y-cuales-son-sus-deberes-y-responsabilidades\/\">\r\n\t\tConsejeros independientes y buena gobernanza: \u00bfSon necesarios los directores independientes y cu\u00e1les son sus deberes y responsabilidades?\t<\/a>\r\n<\/h3>\r\n<div class=\"post-content\">\r\n\t<p>En el \u00e1mbito del gobierno corporativo, el papel de los consejeros\u00a0independientes se ha convertido cada vez m\u00e1s en un punto central para garantizar que las empresas operen con integridad y responsabilidad. La Luxembourg Stock Exchange ha establecido los 10 Principios de gobierno corporativo que, aunque&hellip;<\/p><\/div>\r\n<div class=\"post-meta\">\r\n\t<div class=\"post-author\">\r\n\t\tby <a href=\"https:\/\/sff-camara.com\/es\/author\/planinluxadmin\/\" title=\"Entradas de SFF\" rel=\"author\">SFF<\/a>\t<\/div>\r\n\t<a href=\"#\" class=\"vote-link like\" data-count=\"0\" data-id=\"15470\">0<\/a>\r\n\t<\/div>\r\n<\/div>\r\n\t<\/article>\r\n\r\n\t\r\n<\/div>\r\n\r\n<\/div>\t\t\t\t<\/div>\n\t\t\t\t<\/div>\n\t\t\t\t<div class=\"elementor-element elementor-element-639d5a2 elementor-widget elementor-widget-spacer\" data-id=\"639d5a2\" data-element_type=\"widget\" data-e-type=\"widget\" data-widget_type=\"spacer.default\">\n\t\t\t\t<div class=\"elementor-widget-container\">\n\t\t\t\t\t\t\t<div class=\"elementor-spacer\">\n\t\t\t<div class=\"elementor-spacer-inner\"><\/div>\n\t\t<\/div>\n\t\t\t\t\t\t<\/div>\n\t\t\t\t<\/div>\n\t\t\t\t<div class=\"ribbon-widget elementor-element elementor-element-3f17695 elementor-widget elementor-widget-udesign_widget_posts elementor-widget-theme-post-content\" data-id=\"3f17695\" data-element_type=\"widget\" data-e-type=\"widget\" data-widget_type=\"udesign_widget_posts.default\">\n\t\t<div class=\"ribbon ribbon-3f17695 ribbon-type-2 ribbon-top-left\">\r\n\t\t\t\t\t\t\t\t<span class=\"ribbon-text\">\r\n\t\t\t\t\t\t\t\t\tDossier \/ Article\r\n\t\t\t\t\t\t\t\t<\/span>\r\n\t\t\t\t\t\t\t<\/div>\t\t<div class=\"elementor-widget-container\">\n\t\t\t\t\t<div class=\"posts  row cols-lg-1 cols-md-1 cols-sm-1 cols-1 cols-xl-1 posts list-type-posts row cols-lg-1 cols-md-1 cols-sm-1 cols-1 cols-xl-1\" data-post-type=\"list\">\r\n<div class=\"post-wrap \" data-post-image=\"full\">\r\n\r\n\t\r\n\t<article class=\"post-15724 post type-post status-publish format-standard has-post-thumbnail hentry category-sff-magazine-diciembre-2024 tag-consejero-independiente tag-gobernanza post  post-list\">\r\n\t\t\t\t\t<figure class=\"post-media\">\r\n\t\t\t\t\t\t\t\t<a href=\"https:\/\/sff-camara.com\/es\/sff-magazine-diciembre-2024\/directores-independientes-pilares-estrategicos-en-un-entorno-de-cambio-y-disrupcion\/\" aria-label=\"Post Media\">\r\n\t\t\t\t\t<img loading=\"lazy\" decoding=\"async\" width=\"2560\" height=\"1707\" src=\"https:\/\/sff-camara.com\/wp-content\/uploads\/2024\/12\/Maria-Cartagena-Article-scaled.jpeg\" class=\"attachment-full size-full wp-post-image\" alt=\"\" srcset=\"https:\/\/sff-camara.com\/wp-content\/uploads\/2024\/12\/Maria-Cartagena-Article-scaled.jpeg 2560w, https:\/\/sff-camara.com\/wp-content\/uploads\/2024\/12\/Maria-Cartagena-Article-1024x683.jpeg 1024w, https:\/\/sff-camara.com\/wp-content\/uploads\/2024\/12\/Maria-Cartagena-Article-768x512.jpeg 768w, https:\/\/sff-camara.com\/wp-content\/uploads\/2024\/12\/Maria-Cartagena-Article-1536x1024.jpeg 1536w, https:\/\/sff-camara.com\/wp-content\/uploads\/2024\/12\/Maria-Cartagena-Article-2048x1365.jpeg 2048w\" sizes=\"(max-width: 2560px) 100vw, 2560px\" \/>\t\t\t\t\t\t<figcaption class=\"thumbnail-caption\">\r\n\t\t\t\t\t\t\tCorporate business team and manager in a meeting\t\t\t\t\t\t<\/figcaption>\r\n\t\t\t\t\t\t\t\t\t\t<\/a>\r\n\t\t\t<\/figure>\r\n\t\t\t<a class=\"post-calendar\" href=\"https:\/\/sff-camara.com\/es\/2024\/12\/08\/\">\r\n\t<span class=\"post-day\">08<\/span>\r\n\t<span class=\"post-month\">Dic<\/span>\r\n<\/a>\r\n<div class=\"post-details\">\r\n\t<div class=\"post-cats\"><a href=\"https:\/\/sff-camara.com\/es\/categoria\/sff-magazine-diciembre-2024\/\" rel=\"category tag\">SFF Magazine Diciembre 2024<\/a><\/div><h3 class=\"post-title\">\r\n\t<a href=\"https:\/\/sff-camara.com\/es\/sff-magazine-diciembre-2024\/directores-independientes-pilares-estrategicos-en-un-entorno-de-cambio-y-disrupcion\/\">\r\n\t\tConsejeros Independientes: Pilares Estrat\u00e9gicos en un Entorno de Cambio y Disrupci\u00f3n\t<\/a>\r\n<\/h3>\r\n<div class=\"post-content\">\r\n\t<p>\u00bfEs Clave el Rol del Consejero Independiente en el entorno actual? Ser Consejero Independiente es una tarea compleja que requiere valent\u00eda, compromiso, rigurosidad, curiosidad, sociabilidad e independencia. Estas cualidades son fundamentales para afrontar los desaf\u00edos de un entorno en constante cambio y altamente disruptivo. El&hellip;<\/p><\/div>\r\n<div class=\"post-meta\">\r\n\t<div class=\"post-author\">\r\n\t\tby <a href=\"https:\/\/sff-camara.com\/es\/author\/planinluxadmin\/\" title=\"Entradas de SFF\" rel=\"author\">SFF<\/a>\t<\/div>\r\n\t<a href=\"#\" class=\"vote-link like\" data-count=\"0\" data-id=\"15724\">0<\/a>\r\n\t<\/div>\r\n<\/div>\r\n\t<\/article>\r\n\r\n\t\r\n<\/div>\r\n\r\n<\/div>\t\t\t\t<\/div>\n\t\t\t\t<\/div>\n\t\t\t\t<div class=\"elementor-element elementor-element-55768d5 elementor-widget elementor-widget-spacer\" data-id=\"55768d5\" data-element_type=\"widget\" data-e-type=\"widget\" data-widget_type=\"spacer.default\">\n\t\t\t\t<div class=\"elementor-widget-container\">\n\t\t\t\t\t\t\t<div class=\"elementor-spacer\">\n\t\t\t<div class=\"elementor-spacer-inner\"><\/div>\n\t\t<\/div>\n\t\t\t\t\t\t<\/div>\n\t\t\t\t<\/div>\n\t\t\t\t<div class=\"ribbon-widget elementor-element elementor-element-5063a23 elementor-widget elementor-widget-udesign_widget_posts elementor-widget-theme-post-content\" data-id=\"5063a23\" data-element_type=\"widget\" data-e-type=\"widget\" data-widget_type=\"udesign_widget_posts.default\">\n\t\t<div class=\"ribbon ribbon-5063a23 ribbon-type-2 ribbon-top-left\">\r\n\t\t\t\t\t\t\t\t<span class=\"ribbon-text\">\r\n\t\t\t\t\t\t\t\t\tDossier \/ Article\r\n\t\t\t\t\t\t\t\t<\/span>\r\n\t\t\t\t\t\t\t<\/div>\t\t<div class=\"elementor-widget-container\">\n\t\t\t\t\t<div class=\"posts  row cols-lg-1 cols-md-1 cols-sm-1 cols-1 cols-xl-1 posts list-type-posts row cols-lg-1 cols-md-1 cols-sm-1 cols-1 cols-xl-1\" data-post-type=\"list\">\r\n<div class=\"post-wrap \" data-post-image=\"full\">\r\n\r\n\t\r\n\t<article class=\"post-15521 post type-post status-publish format-standard has-post-thumbnail hentry category-sff-magazine-diciembre-2024 tag-consejero-independiente tag-gobernanza post  post-list\">\r\n\t\t\t\t\t<figure class=\"post-media\">\r\n\t\t\t\t\t\t\t\t<a href=\"https:\/\/sff-camara.com\/es\/sff-magazine-diciembre-2024\/el-rol-del-ila-en-la-promocion-de-la-gobernanza-corporativa-de-excelencia-en-luxemburgo\/\" aria-label=\"Post Media\">\r\n\t\t\t\t\t<img loading=\"lazy\" decoding=\"async\" width=\"2560\" height=\"1707\" src=\"https:\/\/sff-camara.com\/wp-content\/uploads\/2024\/12\/ILA-Article-scaled.jpeg\" class=\"attachment-full size-full wp-post-image\" alt=\"\" srcset=\"https:\/\/sff-camara.com\/wp-content\/uploads\/2024\/12\/ILA-Article-scaled.jpeg 2560w, https:\/\/sff-camara.com\/wp-content\/uploads\/2024\/12\/ILA-Article-1024x683.jpeg 1024w, https:\/\/sff-camara.com\/wp-content\/uploads\/2024\/12\/ILA-Article-768x512.jpeg 768w, https:\/\/sff-camara.com\/wp-content\/uploads\/2024\/12\/ILA-Article-1536x1024.jpeg 1536w, https:\/\/sff-camara.com\/wp-content\/uploads\/2024\/12\/ILA-Article-2048x1365.jpeg 2048w\" sizes=\"(max-width: 2560px) 100vw, 2560px\" \/>\t\t\t\t\t\t<figcaption class=\"thumbnail-caption\">\r\n\t\t\t\t\t\t\tPanoramic aerial view of Luxembourg in a beautiful summer day, Luxembourg\t\t\t\t\t\t<\/figcaption>\r\n\t\t\t\t\t\t\t\t\t\t<\/a>\r\n\t\t\t<\/figure>\r\n\t\t\t<a class=\"post-calendar\" href=\"https:\/\/sff-camara.com\/es\/2024\/12\/02\/\">\r\n\t<span class=\"post-day\">02<\/span>\r\n\t<span class=\"post-month\">Dic<\/span>\r\n<\/a>\r\n<div class=\"post-details\">\r\n\t<div class=\"post-cats\"><a href=\"https:\/\/sff-camara.com\/es\/categoria\/sff-magazine-diciembre-2024\/\" rel=\"category tag\">SFF Magazine Diciembre 2024<\/a><\/div><h3 class=\"post-title\">\r\n\t<a href=\"https:\/\/sff-camara.com\/es\/sff-magazine-diciembre-2024\/el-rol-del-ila-en-la-promocion-de-la-gobernanza-corporativa-de-excelencia-en-luxemburgo\/\">\r\n\t\tEl rol del ILA en la promoci\u00f3n de la gobernanza corporativa de excelencia en Luxemburgo\t<\/a>\r\n<\/h3>\r\n<div class=\"post-content\">\r\n\t<p>El Rol del ILA Misi\u00f3n del ILA: Elevar los est\u00e1ndares de gobernanza conectando, educando e inspirando ILA es un instituto independiente impulsado por sus miembros que promueve la aplicaci\u00f3n de las mejores pr\u00e1cticas de gobernanza reconocidas internacionalmente en todos los sectores del ecosistema luxemburgu\u00e9s. Como&hellip;<\/p><\/div>\r\n<div class=\"post-meta\">\r\n\t<div class=\"post-author\">\r\n\t\tby <a href=\"https:\/\/sff-camara.com\/es\/author\/planinluxadmin\/\" title=\"Entradas de SFF\" rel=\"author\">SFF<\/a>\t<\/div>\r\n\t<a href=\"#\" class=\"vote-link like\" data-count=\"0\" data-id=\"15521\">0<\/a>\r\n\t<\/div>\r\n<\/div>\r\n\t<\/article>\r\n\r\n\t\r\n<\/div>\r\n\r\n<\/div>\t\t\t\t<\/div>\n\t\t\t\t<\/div>\n\t\t\t\t<div class=\"elementor-element elementor-element-09f6834 elementor-widget elementor-widget-spacer\" data-id=\"09f6834\" data-element_type=\"widget\" data-e-type=\"widget\" data-widget_type=\"spacer.default\">\n\t\t\t\t<div class=\"elementor-widget-container\">\n\t\t\t\t\t\t\t<div class=\"elementor-spacer\">\n\t\t\t<div class=\"elementor-spacer-inner\"><\/div>\n\t\t<\/div>\n\t\t\t\t\t\t<\/div>\n\t\t\t\t<\/div>\n\t\t\t\t<div class=\"ribbon-widget elementor-element elementor-element-7f1f98a elementor-widget elementor-widget-udesign_widget_posts elementor-widget-theme-post-content\" data-id=\"7f1f98a\" data-element_type=\"widget\" data-e-type=\"widget\" data-widget_type=\"udesign_widget_posts.default\">\n\t\t<div class=\"ribbon ribbon-7f1f98a ribbon-type-2 ribbon-top-left\">\r\n\t\t\t\t\t\t\t\t<span class=\"ribbon-text\">\r\n\t\t\t\t\t\t\t\t\tDossier \/ Article\r\n\t\t\t\t\t\t\t\t<\/span>\r\n\t\t\t\t\t\t\t<\/div>\t\t<div class=\"elementor-widget-container\">\n\t\t\t\t\t<div class=\"posts  row cols-lg-1 cols-md-1 cols-sm-1 cols-1 cols-xl-1 posts list-type-posts row cols-lg-1 cols-md-1 cols-sm-1 cols-1 cols-xl-1\" data-post-type=\"list\">\r\n<div class=\"post-wrap \" data-post-image=\"full\">\r\n\r\n\t\r\n\t<article class=\"post-15495 post type-post status-publish format-standard has-post-thumbnail hentry category-sff-magazine-diciembre-2024 tag-consejero-independiente tag-gobernanza post  post-list\">\r\n\t\t\t\t\t<figure class=\"post-media\">\r\n\t\t\t\t\t\t\t\t<a href=\"https:\/\/sff-camara.com\/es\/sff-magazine-diciembre-2024\/el-papel-de-los-directores-independientes\/\" aria-label=\"Post Media\">\r\n\t\t\t\t\t<img loading=\"lazy\" decoding=\"async\" width=\"2560\" height=\"1707\" src=\"https:\/\/sff-camara.com\/wp-content\/uploads\/2024\/12\/Now-Partners-Article-scaled.jpeg\" class=\"attachment-full size-full wp-post-image\" alt=\"\" srcset=\"https:\/\/sff-camara.com\/wp-content\/uploads\/2024\/12\/Now-Partners-Article-scaled.jpeg 2560w, https:\/\/sff-camara.com\/wp-content\/uploads\/2024\/12\/Now-Partners-Article-1024x683.jpeg 1024w, https:\/\/sff-camara.com\/wp-content\/uploads\/2024\/12\/Now-Partners-Article-768x512.jpeg 768w, https:\/\/sff-camara.com\/wp-content\/uploads\/2024\/12\/Now-Partners-Article-1536x1024.jpeg 1536w, https:\/\/sff-camara.com\/wp-content\/uploads\/2024\/12\/Now-Partners-Article-2048x1365.jpeg 2048w\" sizes=\"(max-width: 2560px) 100vw, 2560px\" \/>\t\t\t\t\t\t<figcaption class=\"thumbnail-caption\">\r\n\t\t\t\t\t\t\tAudit business concept. Compliance with internal organization financial services regulation, financial examination for business and financial management system.\t\t\t\t\t\t<\/figcaption>\r\n\t\t\t\t\t\t\t\t\t\t<\/a>\r\n\t\t\t<\/figure>\r\n\t\t\t<a class=\"post-calendar\" href=\"https:\/\/sff-camara.com\/es\/2024\/12\/02\/\">\r\n\t<span class=\"post-day\">02<\/span>\r\n\t<span class=\"post-month\">Dic<\/span>\r\n<\/a>\r\n<div class=\"post-details\">\r\n\t<div class=\"post-cats\"><a href=\"https:\/\/sff-camara.com\/es\/categoria\/sff-magazine-diciembre-2024\/\" rel=\"category tag\">SFF Magazine Diciembre 2024<\/a><\/div><h3 class=\"post-title\">\r\n\t<a href=\"https:\/\/sff-camara.com\/es\/sff-magazine-diciembre-2024\/el-papel-de-los-directores-independientes\/\">\r\n\t\tEl papel de los consejeros independientes\t<\/a>\r\n<\/h3>\r\n<div class=\"post-content\">\r\n\t<p>Hoy en d\u00eda, los consejeros de empresas se enfrentan numerosos desaf\u00edos. Adem\u00e1s de la responsabilidad principal de garantizar que la organizaci\u00f3n opere en el mejor inter\u00e9s de sus partes interesadas, tambi\u00e9n son responsables de que la empresa cumpla con las regulaciones locales y opere de&hellip;<\/p><\/div>\r\n<div class=\"post-meta\">\r\n\t<div class=\"post-author\">\r\n\t\tby <a href=\"https:\/\/sff-camara.com\/es\/author\/planinluxadmin\/\" title=\"Entradas de SFF\" rel=\"author\">SFF<\/a>\t<\/div>\r\n\t<a href=\"#\" class=\"vote-link like\" data-count=\"0\" data-id=\"15495\">0<\/a>\r\n\t<\/div>\r\n<\/div>\r\n\t<\/article>\r\n\r\n\t\r\n<\/div>\r\n\r\n<\/div>\t\t\t\t<\/div>\n\t\t\t\t<\/div>\n\t\t\t\t<div class=\"elementor-element elementor-element-28063af elementor-widget elementor-widget-spacer\" data-id=\"28063af\" data-element_type=\"widget\" data-e-type=\"widget\" data-widget_type=\"spacer.default\">\n\t\t\t\t<div class=\"elementor-widget-container\">\n\t\t\t\t\t\t\t<div class=\"elementor-spacer\">\n\t\t\t<div class=\"elementor-spacer-inner\"><\/div>\n\t\t<\/div>\n\t\t\t\t\t\t<\/div>\n\t\t\t\t<\/div>\n\t\t\t\t\t\t<\/div>\r\n\t\t\t\t<\/div>\r\n\t\t\t\t\t\t\t\t<\/div>\r\n\t\t\t<\/section>\r\n\t\t\t\t\t<section class=\" elementor-section elementor-top-section elementor-element elementor-element-6c9d780 elementor-section-boxed elementor-section-height-default elementor-section-height-default\" data-id=\"6c9d780\" data-element_type=\"section\" data-e-type=\"section\">\r\n\t\t\t\t\t\t\t\t<div class=\"elementor-container elementor-column-gap-default\">\r\n\t\t\t\t\r\n\t\t\t\t\t\t\t\t<div class=\" elementor-column elementor-col-100 elementor-top-column elementor-element elementor-element-616e1a4 \" data-id=\"616e1a4\" data-element_type=\"column\" data-e-type=\"column\">\r\n\r\n\t\t\t\t\r\n\t\t\t\t<div class=\"elementor-widget-wrap elementor-element-populated\">\r\n\t\t\t\t\t\t\t\t\t\t\r\n\t\t\t\t\t\t<div class=\"elementor-element elementor-element-9212155 elementor-widget elementor-widget-spacer\" data-id=\"9212155\" data-element_type=\"widget\" data-e-type=\"widget\" data-widget_type=\"spacer.default\">\n\t\t\t\t<div class=\"elementor-widget-container\">\n\t\t\t\t\t\t\t<div class=\"elementor-spacer\">\n\t\t\t<div class=\"elementor-spacer-inner\"><\/div>\n\t\t<\/div>\n\t\t\t\t\t\t<\/div>\n\t\t\t\t<\/div>\n\t\t\t\t<div class=\"elementor-element elementor-element-704b8f2 elementor-widget elementor-widget-spacer\" data-id=\"704b8f2\" data-element_type=\"widget\" data-e-type=\"widget\" data-widget_type=\"spacer.default\">\n\t\t\t\t<div class=\"elementor-widget-container\">\n\t\t\t\t\t\t\t<div class=\"elementor-spacer\">\n\t\t\t<div class=\"elementor-spacer-inner\"><\/div>\n\t\t<\/div>\n\t\t\t\t\t\t<\/div>\n\t\t\t\t<\/div>\n\t\t\t\t<div class=\"ribbon-widget elementor-element elementor-element-a38d60c elementor-widget elementor-widget-udesign_widget_posts elementor-widget-theme-post-content\" data-id=\"a38d60c\" data-element_type=\"widget\" data-e-type=\"widget\" data-widget_type=\"udesign_widget_posts.default\">\n\t\t<div class=\"ribbon ribbon-a38d60c ribbon-type-2 ribbon-top-left\">\r\n\t\t\t\t\t\t\t\t<span class=\"ribbon-text\">\r\n\t\t\t\t\t\t\t\t\tWomen Who Inspire\r\n\t\t\t\t\t\t\t\t<\/span>\r\n\t\t\t\t\t\t\t<\/div>\t\t<div class=\"elementor-widget-container\">\n\t\t\t\t\t<div class=\"posts  row cols-lg-1 cols-md-1 cols-sm-1 cols-1 cols-xl-1 posts list-type-posts row cols-lg-1 cols-md-1 cols-sm-1 cols-1 cols-xl-1\" data-post-type=\"list\">\r\n<div class=\"post-wrap \" data-post-image=\"full\">\r\n\r\n\t\r\n\t<article class=\"post-15598 post type-post status-publish format-standard has-post-thumbnail hentry category-sff-magazine-diciembre-2024 tag-diversidad tag-legal-es post  post-list\">\r\n\t\t\t\t\t<figure class=\"post-media\">\r\n\t\t\t\t\t\t\t\t<a href=\"https:\/\/sff-camara.com\/es\/sff-magazine-diciembre-2024\/women-who-inspire-finance-berta-blasco-lazaro\/\" aria-label=\"Post Media\">\r\n\t\t\t\t\t<img loading=\"lazy\" decoding=\"async\" width=\"1408\" height=\"939\" src=\"https:\/\/sff-camara.com\/wp-content\/uploads\/2024\/12\/Berta-Blasco-Lazaro.png\" class=\"attachment-full size-full wp-post-image\" alt=\"\" srcset=\"https:\/\/sff-camara.com\/wp-content\/uploads\/2024\/12\/Berta-Blasco-Lazaro.png 1408w, https:\/\/sff-camara.com\/wp-content\/uploads\/2024\/12\/Berta-Blasco-Lazaro-1024x683.png 1024w, https:\/\/sff-camara.com\/wp-content\/uploads\/2024\/12\/Berta-Blasco-Lazaro-768x512.png 768w\" sizes=\"(max-width: 1408px) 100vw, 1408px\" \/>\t\t\t\t<\/a>\r\n\t\t\t<\/figure>\r\n\t\t\t<a class=\"post-calendar\" href=\"https:\/\/sff-camara.com\/es\/2024\/12\/11\/\">\r\n\t<span class=\"post-day\">11<\/span>\r\n\t<span class=\"post-month\">Dic<\/span>\r\n<\/a>\r\n<div class=\"post-details\">\r\n\t<div class=\"post-cats\"><a href=\"https:\/\/sff-camara.com\/es\/categoria\/sff-magazine-diciembre-2024\/\" rel=\"category tag\">SFF Magazine Diciembre 2024<\/a><\/div><h3 class=\"post-title\">\r\n\t<a href=\"https:\/\/sff-camara.com\/es\/sff-magazine-diciembre-2024\/women-who-inspire-finance-berta-blasco-lazaro\/\">\r\n\t\tWomen who inspire: Finance &#8211; Berta Blasco L\u00e1zaro\t<\/a>\r\n<\/h3>\r\n<div class=\"post-content\">\r\n\t<p>En la secci\u00f3n \u201cWomen who Inspire: Finance\u201d de esta nueva edici\u00f3n del SFF Magazine, entrevistamos a Berta Blasco L\u00e1zaro, Senior Associate de DLA Piper en Luxemburgo.Esta secci\u00f3n tiene como objetivo dar visibilidad a mujeres profesionales que lideran y desarrollan su carrera laboral en el sector&hellip;<\/p><\/div>\r\n<div class=\"post-meta\">\r\n\t<div class=\"post-author\">\r\n\t\tby <a href=\"https:\/\/sff-camara.com\/es\/author\/planinluxadmin\/\" title=\"Entradas de SFF\" rel=\"author\">SFF<\/a>\t<\/div>\r\n\t<a href=\"#\" class=\"vote-link like\" data-count=\"0\" data-id=\"15598\">0<\/a>\r\n\t<\/div>\r\n<\/div>\r\n\t<\/article>\r\n\r\n\t\r\n<\/div>\r\n\r\n<\/div>\t\t\t\t<\/div>\n\t\t\t\t<\/div>\n\t\t\t\t<div class=\"elementor-element elementor-element-4275f4b elementor-widget elementor-widget-spacer\" data-id=\"4275f4b\" data-element_type=\"widget\" data-e-type=\"widget\" data-widget_type=\"spacer.default\">\n\t\t\t\t<div class=\"elementor-widget-container\">\n\t\t\t\t\t\t\t<div class=\"elementor-spacer\">\n\t\t\t<div class=\"elementor-spacer-inner\"><\/div>\n\t\t<\/div>\n\t\t\t\t\t\t<\/div>\n\t\t\t\t<\/div>\n\t\t\t\t<div class=\"ribbon-widget elementor-element elementor-element-daceb0d elementor-widget elementor-widget-udesign_widget_posts elementor-widget-theme-post-content\" data-id=\"daceb0d\" data-element_type=\"widget\" data-e-type=\"widget\" data-widget_type=\"udesign_widget_posts.default\">\n\t\t<div class=\"ribbon ribbon-daceb0d ribbon-type-2 ribbon-top-left\">\r\n\t\t\t\t\t\t\t\t<span class=\"ribbon-text\">\r\n\t\t\t\t\t\t\t\t\tArticle\r\n\t\t\t\t\t\t\t\t<\/span>\r\n\t\t\t\t\t\t\t<\/div>\t\t<div class=\"elementor-widget-container\">\n\t\t\t\t\t<div class=\"posts  row cols-lg-1 cols-md-1 cols-sm-1 cols-1 cols-xl-1 posts list-type-posts row cols-lg-1 cols-md-1 cols-sm-1 cols-1 cols-xl-1\" data-post-type=\"list\">\r\n<div class=\"post-wrap \" data-post-image=\"full\">\r\n\r\n\t\r\n\t<article class=\"post-15670 post type-post status-publish format-standard has-post-thumbnail hentry category-sff-magazine-diciembre-2024 tag-distribucion-de-fondos tag-legal-es tag-tendencias tag-ue post  post-list\">\r\n\t\t\t\t\t<figure class=\"post-media\">\r\n\t\t\t\t\t\t\t\t<a href=\"https:\/\/sff-camara.com\/es\/sff-magazine-diciembre-2024\/el-impacto-de-la-ola-regulatoria-en-la-estrategia-de-las-entidades-financieras\/\" aria-label=\"Post Media\">\r\n\t\t\t\t\t<img loading=\"lazy\" decoding=\"async\" width=\"2560\" height=\"1435\" src=\"https:\/\/sff-camara.com\/wp-content\/uploads\/2024\/12\/KPMG-Article-scaled.jpeg\" class=\"attachment-full size-full wp-post-image\" alt=\"\" srcset=\"https:\/\/sff-camara.com\/wp-content\/uploads\/2024\/12\/KPMG-Article-scaled.jpeg 2560w, https:\/\/sff-camara.com\/wp-content\/uploads\/2024\/12\/KPMG-Article-1024x574.jpeg 1024w, https:\/\/sff-camara.com\/wp-content\/uploads\/2024\/12\/KPMG-Article-768x430.jpeg 768w, https:\/\/sff-camara.com\/wp-content\/uploads\/2024\/12\/KPMG-Article-1536x861.jpeg 1536w, https:\/\/sff-camara.com\/wp-content\/uploads\/2024\/12\/KPMG-Article-2048x1148.jpeg 2048w\" sizes=\"(max-width: 2560px) 100vw, 2560px\" \/>\t\t\t\t\t\t<figcaption class=\"thumbnail-caption\">\r\n\t\t\t\t\t\t\tGlowing financial chart showing increasing ROI, with real-world landscape and sunlight effects\t\t\t\t\t\t<\/figcaption>\r\n\t\t\t\t\t\t\t\t\t\t<\/a>\r\n\t\t\t<\/figure>\r\n\t\t\t<a class=\"post-calendar\" href=\"https:\/\/sff-camara.com\/es\/2024\/12\/06\/\">\r\n\t<span class=\"post-day\">06<\/span>\r\n\t<span class=\"post-month\">Dic<\/span>\r\n<\/a>\r\n<div class=\"post-details\">\r\n\t<div class=\"post-cats\"><a href=\"https:\/\/sff-camara.com\/es\/categoria\/sff-magazine-diciembre-2024\/\" rel=\"category tag\">SFF Magazine Diciembre 2024<\/a><\/div><h3 class=\"post-title\">\r\n\t<a href=\"https:\/\/sff-camara.com\/es\/sff-magazine-diciembre-2024\/el-impacto-de-la-ola-regulatoria-en-la-estrategia-de-las-entidades-financieras\/\">\r\n\t\tEl impacto de la ola regulatoria en la estrategia de las entidades financieras\t<\/a>\r\n<\/h3>\r\n<div class=\"post-content\">\r\n\t<p>Si bien la implementaci\u00f3n de EMIR Refit ha puesto a prueba la capacidad de adaptaci\u00f3n de las entidades financieras a los cambios regulatorios, las transformaciones en las normativas de instrumentos financieros previstas para 2025 auguran un a\u00f1o igualmente exigente en este aspecto. La aplicaci\u00f3n de&hellip;<\/p><\/div>\r\n<div class=\"post-meta\">\r\n\t<div class=\"post-author\">\r\n\t\tby <a href=\"https:\/\/sff-camara.com\/es\/author\/planinluxadmin\/\" title=\"Entradas de SFF\" rel=\"author\">SFF<\/a>\t<\/div>\r\n\t<a href=\"#\" class=\"vote-link like\" data-count=\"0\" data-id=\"15670\">0<\/a>\r\n\t<\/div>\r\n<\/div>\r\n\t<\/article>\r\n\r\n\t\r\n<\/div>\r\n\r\n<\/div>\t\t\t\t<\/div>\n\t\t\t\t<\/div>\n\t\t\t\t<div class=\"elementor-element elementor-element-c291c79 elementor-widget elementor-widget-spacer\" data-id=\"c291c79\" data-element_type=\"widget\" data-e-type=\"widget\" data-widget_type=\"spacer.default\">\n\t\t\t\t<div class=\"elementor-widget-container\">\n\t\t\t\t\t\t\t<div class=\"elementor-spacer\">\n\t\t\t<div class=\"elementor-spacer-inner\"><\/div>\n\t\t<\/div>\n\t\t\t\t\t\t<\/div>\n\t\t\t\t<\/div>\n\t\t\t\t<div class=\"elementor-element elementor-element-f485936 elementor-widget elementor-widget-spacer\" data-id=\"f485936\" data-element_type=\"widget\" data-e-type=\"widget\" data-widget_type=\"spacer.default\">\n\t\t\t\t<div class=\"elementor-widget-container\">\n\t\t\t\t\t\t\t<div class=\"elementor-spacer\">\n\t\t\t<div class=\"elementor-spacer-inner\"><\/div>\n\t\t<\/div>\n\t\t\t\t\t\t<\/div>\n\t\t\t\t<\/div>\n\t\t\t\t<section class=\" elementor-section elementor-inner-section elementor-element elementor-element-a0c7c31 elementor-section-boxed elementor-section-height-default elementor-section-height-default\" data-id=\"a0c7c31\" data-element_type=\"section\" data-e-type=\"section\">\r\n\t\t\t\t\t\t\t\t<div class=\"elementor-container elementor-column-gap-default\">\r\n\t\t\t\t\r\n\t\t\t\t\t\t\t\t<div class=\" elementor-column elementor-col-50 elementor-inner-column elementor-element elementor-element-08571af \" data-id=\"08571af\" data-element_type=\"column\" data-e-type=\"column\">\r\n\r\n\t\t\t\t\r\n\t\t\t\t<div class=\"elementor-widget-wrap elementor-element-populated\">\r\n\t\t\t\t\t\t\t\t\t\t\r\n\t\t\t\t\t\t<div class=\"ribbon-widget elementor-element elementor-element-c7c2a7e elementor-widget elementor-widget-udesign_widget_posts elementor-widget-theme-post-content\" data-id=\"c7c2a7e\" data-element_type=\"widget\" data-e-type=\"widget\" data-widget_type=\"udesign_widget_posts.default\">\n\t\t<div class=\"ribbon ribbon-c7c2a7e ribbon-type-2 ribbon-top-left\">\r\n\t\t\t\t\t\t\t\t<span class=\"ribbon-text\">\r\n\t\t\t\t\t\t\t\t\tFlash News\r\n\t\t\t\t\t\t\t\t<\/span>\r\n\t\t\t\t\t\t\t<\/div>\t\t<div class=\"elementor-widget-container\">\n\t\t\t\t\t<div class=\"posts  row cols-lg-1 cols-md-1 cols-sm-1 cols-1 cols-xl-1 posts row cols-lg-1 cols-md-1 cols-sm-1 cols-1 cols-xl-1\" data-post-type=\"default\">\r\n<div class=\"post-wrap \" data-post-image=\"full\">\r\n\r\n\t\r\n\t<article class=\"post-15621 post type-post status-publish format-standard has-post-thumbnail hentry category-sff-magazine-diciembre-2024 tag-alternative-investment-es post  post-default\">\r\n\t\t\t\t\t<figure class=\"post-media\">\r\n\t\t\t\t\t\t\t\t<a href=\"https:\/\/sff-camara.com\/es\/sff-magazine-diciembre-2024\/antwort-capital-obtiene-la-licencia-aifm-ampliando-su-oferta-de-inversiones-alternativas\/\" aria-label=\"Post Media\">\r\n\t\t\t\t\t<img loading=\"lazy\" decoding=\"async\" width=\"2560\" height=\"1709\" src=\"https:\/\/sff-camara.com\/wp-content\/uploads\/2024\/03\/AdobeStock_460677110-scaled.jpeg\" class=\"attachment-full size-full wp-post-image\" alt=\"\" srcset=\"https:\/\/sff-camara.com\/wp-content\/uploads\/2024\/03\/AdobeStock_460677110-scaled.jpeg 2560w, https:\/\/sff-camara.com\/wp-content\/uploads\/2024\/03\/AdobeStock_460677110-1024x684.jpeg 1024w, https:\/\/sff-camara.com\/wp-content\/uploads\/2024\/03\/AdobeStock_460677110-768x513.jpeg 768w, https:\/\/sff-camara.com\/wp-content\/uploads\/2024\/03\/AdobeStock_460677110-1536x1025.jpeg 1536w, https:\/\/sff-camara.com\/wp-content\/uploads\/2024\/03\/AdobeStock_460677110-2048x1367.jpeg 2048w\" sizes=\"(max-width: 2560px) 100vw, 2560px\" \/>\t\t\t\t<\/a>\r\n\t\t\t<\/figure>\r\n\t\t\t<div class=\"post-details\">\r\n\t<a class=\"post-date\" href=\"https:\/\/sff-camara.com\/es\/2024\/12\/11\/\">\r\n\tdiciembre 11, 2024<\/a>\r\n<div class=\"post-cats\"><a href=\"https:\/\/sff-camara.com\/es\/categoria\/sff-magazine-diciembre-2024\/\" rel=\"category tag\">SFF Magazine Diciembre 2024<\/a><\/div><h3 class=\"post-title\">\r\n\t<a href=\"https:\/\/sff-camara.com\/es\/sff-magazine-diciembre-2024\/antwort-capital-obtiene-la-licencia-aifm-ampliando-su-oferta-de-inversiones-alternativas\/\">\r\n\t\tAntwort Capital obtiene la licencia AIFM, ampliando su oferta de inversiones alternativas\t<\/a>\r\n<\/h3>\r\n<div class=\"post-content\">\r\n\t<p>Ampliando las oportunidades de inversi\u00f3n alternativa Antwort Capital, una plataforma con sede en Luxemburgo especializada en fondos feeder para inversores cualificados, ha alcanzado un hito significativo al obtener su licencia de Gestor de Fondos de Inversi\u00f3n Alternativa (AIFM, por sus siglas en ingl\u00e9s) en julio&hellip;<\/p><\/div>\r\n<div class=\"post-meta\">\r\n\t<div class=\"post-author\">\r\n\t\tby <a href=\"https:\/\/sff-camara.com\/es\/author\/planinluxadmin\/\" title=\"Entradas de SFF\" rel=\"author\">SFF<\/a>\t<\/div>\r\n\t<a href=\"#\" class=\"vote-link like\" data-count=\"0\" data-id=\"15621\">0<\/a>\r\n\t<\/div>\r\n<\/div>\r\n\t<\/article>\r\n\r\n\t\r\n<\/div>\r\n\r\n<\/div>\t\t\t\t<\/div>\n\t\t\t\t<\/div>\n\t\t\t\t\t\t<\/div>\r\n\t\t\t\t<\/div>\r\n\t\t\t\t\t\t\t\t\t<div class=\" elementor-column elementor-col-50 elementor-inner-column elementor-element elementor-element-78cc800 \" data-id=\"78cc800\" data-element_type=\"column\" data-e-type=\"column\">\r\n\r\n\t\t\t\t\r\n\t\t\t\t<div class=\"elementor-widget-wrap elementor-element-populated\">\r\n\t\t\t\t\t\t\t\t\t\t\r\n\t\t\t\t\t\t<div class=\"ribbon-widget elementor-element elementor-element-8e02914 elementor-widget elementor-widget-udesign_widget_posts elementor-widget-theme-post-content\" data-id=\"8e02914\" data-element_type=\"widget\" data-e-type=\"widget\" data-widget_type=\"udesign_widget_posts.default\">\n\t\t<div class=\"ribbon ribbon-8e02914 ribbon-type-2 ribbon-top-left\">\r\n\t\t\t\t\t\t\t\t<span class=\"ribbon-text\">\r\n\t\t\t\t\t\t\t\t\tFlash News\r\n\t\t\t\t\t\t\t\t<\/span>\r\n\t\t\t\t\t\t\t<\/div>\t\t<div class=\"elementor-widget-container\">\n\t\t\t\t\t<div class=\"posts  row cols-lg-1 cols-md-1 cols-sm-1 cols-1 cols-xl-1 posts row cols-lg-1 cols-md-1 cols-sm-1 cols-1 cols-xl-1\" data-post-type=\"default\">\r\n<div class=\"post-wrap \" data-post-image=\"full\">\r\n\r\n\t\r\n\t<article class=\"post-15630 post type-post status-publish format-standard has-post-thumbnail hentry category-sff-magazine-diciembre-2024 tag-alternative-investment-es post  post-default\">\r\n\t\t\t\t\t<figure class=\"post-media\">\r\n\t\t\t\t\t\t\t\t<a href=\"https:\/\/sff-camara.com\/es\/sff-magazine-diciembre-2024\/adepa-completa-con-exito-la-adquisicion-de-fidupar\/\" aria-label=\"Post Media\">\r\n\t\t\t\t\t<img loading=\"lazy\" decoding=\"async\" width=\"2560\" height=\"2048\" src=\"https:\/\/sff-camara.com\/wp-content\/uploads\/2021\/04\/COMP-ow-angle-photography-of-glass-buildings-2529179-scaled.jpg\" class=\"attachment-full size-full wp-post-image\" alt=\"\" srcset=\"https:\/\/sff-camara.com\/wp-content\/uploads\/2021\/04\/COMP-ow-angle-photography-of-glass-buildings-2529179-scaled.jpg 2560w, https:\/\/sff-camara.com\/wp-content\/uploads\/2021\/04\/COMP-ow-angle-photography-of-glass-buildings-2529179-1024x819.jpg 1024w, https:\/\/sff-camara.com\/wp-content\/uploads\/2021\/04\/COMP-ow-angle-photography-of-glass-buildings-2529179-768x614.jpg 768w, https:\/\/sff-camara.com\/wp-content\/uploads\/2021\/04\/COMP-ow-angle-photography-of-glass-buildings-2529179-1536x1229.jpg 1536w, https:\/\/sff-camara.com\/wp-content\/uploads\/2021\/04\/COMP-ow-angle-photography-of-glass-buildings-2529179-2048x1638.jpg 2048w, https:\/\/sff-camara.com\/wp-content\/uploads\/2021\/04\/COMP-ow-angle-photography-of-glass-buildings-2529179-600x480.jpg 600w\" sizes=\"(max-width: 2560px) 100vw, 2560px\" \/>\t\t\t\t<\/a>\r\n\t\t\t<\/figure>\r\n\t\t\t<div class=\"post-details\">\r\n\t<a class=\"post-date\" href=\"https:\/\/sff-camara.com\/es\/2024\/12\/03\/\">\r\n\tdiciembre 3, 2024<\/a>\r\n<div class=\"post-cats\"><a href=\"https:\/\/sff-camara.com\/es\/categoria\/sff-magazine-diciembre-2024\/\" rel=\"category tag\">SFF Magazine Diciembre 2024<\/a><\/div><h3 class=\"post-title\">\r\n\t<a href=\"https:\/\/sff-camara.com\/es\/sff-magazine-diciembre-2024\/adepa-completa-con-exito-la-adquisicion-de-fidupar\/\">\r\n\t\tADEPA completa con \u00e9xito la adquisici\u00f3n de FIDUPAR\t<\/a>\r\n<\/h3>\r\n<div class=\"post-content\">\r\n\t<p>Adepa ha completado la adquisici\u00f3n de Fidupar, un proveedor de servicios corporativos y de fondos con sede en Luxemburgo. Este movimiento refleja el compromiso de Adepa de ofrecer soluciones premium en la industria de gesti\u00f3n de activos y patrimonios, al tiempo que refuerza sus operaciones&hellip;<\/p><\/div>\r\n<div class=\"post-meta\">\r\n\t<div class=\"post-author\">\r\n\t\tby <a href=\"https:\/\/sff-camara.com\/es\/author\/planinluxadmin\/\" title=\"Entradas de SFF\" rel=\"author\">SFF<\/a>\t<\/div>\r\n\t<a href=\"#\" class=\"vote-link like\" data-count=\"0\" data-id=\"15630\">0<\/a>\r\n\t<\/div>\r\n<\/div>\r\n\t<\/article>\r\n\r\n\t\r\n<\/div>\r\n\r\n<\/div>\t\t\t\t<\/div>\n\t\t\t\t<\/div>\n\t\t\t\t\t\t<\/div>\r\n\t\t\t\t<\/div>\r\n\t\t\t\t\t\t\t\t<\/div>\r\n\t\t\t<\/section>\r\n\t\t\t\t\t<div class=\"elementor-element elementor-element-6d4a113 elementor-widget elementor-widget-spacer\" data-id=\"6d4a113\" data-element_type=\"widget\" data-e-type=\"widget\" data-widget_type=\"spacer.default\">\n\t\t\t\t<div class=\"elementor-widget-container\">\n\t\t\t\t\t\t\t<div class=\"elementor-spacer\">\n\t\t\t<div class=\"elementor-spacer-inner\"><\/div>\n\t\t<\/div>\n\t\t\t\t\t\t<\/div>\n\t\t\t\t<\/div>\n\t\t\t\t\t\t<\/div>\r\n\t\t\t\t<\/div>\r\n\t\t\t\t\t\t\t\t<\/div>\r\n\t\t\t<\/section>\r\n\t\t\t\t\t<section class=\" elementor-section elementor-top-section elementor-element elementor-element-554695d elementor-section-boxed elementor-section-height-default elementor-section-height-default\" data-id=\"554695d\" data-element_type=\"section\" data-e-type=\"section\">\r\n\t\t\t\t\t\t\t\t<div class=\"elementor-container elementor-column-gap-default\">\r\n\t\t\t\t\r\n\t\t\t\t\t\t\t\t<div class=\" elementor-column elementor-col-100 elementor-top-column elementor-element elementor-element-308dbfe8 \" data-id=\"308dbfe8\" data-element_type=\"column\" data-e-type=\"column\">\r\n\r\n\t\t\t\t\r\n\t\t\t\t<div class=\"elementor-widget-wrap elementor-element-populated\">\r\n\t\t\t\t\t\t\t\t\t\t\r\n\t\t\t\t\t\t<div class=\"elementor-element elementor-element-1cf9ac17 elementor-widget elementor-widget-text-editor\" data-id=\"1cf9ac17\" data-element_type=\"widget\" data-e-type=\"widget\" data-widget_type=\"text-editor.default\">\n\t\t\t\t<div class=\"elementor-widget-container\">\n\t\t\t\t\t\t\t\t\t<h5 style=\"text-align: left;\">Compartir esta publicaci\u00f3n<\/h5>\n\t\t\t\t\t\t\t\t<\/div>\n\t\t\t\t<\/div>\n\t\t\t\t<div class=\"elementor-element elementor-element-19c1f266 elementor-widget elementor-widget-udesign_widget_share\" data-id=\"19c1f266\" data-element_type=\"widget\" data-e-type=\"widget\" data-widget_type=\"udesign_widget_share.default\">\n\t\t\t\t<div class=\"elementor-widget-container\">\n\t\t\t\t\t\r\n<div class=\"social-icons\">\r\n\t<a href=\"https:\/\/www.linkedin.com\/shareArticle?mini=true&#038;url=https:\/\/sff-camara.com\/es\/sff-magazine\/ediciones\/sff-magazine-diciembre-2024\/&#038;title=SFF+Magazine+Diciembre+2024\" class=\"social-icon framed social-linkedin\" target=\"_blank\" title=\"linkedin\" rel=\"noopener noreferrer\" aria-label=\"Social Icon\"><i class=\"a-icon-linkedin-in\"><\/i><\/a><a href=\"\" class=\"social-icon framed social-whatsapp\" target=\"_blank\" title=\"whatsapp\" rel=\"noopener noreferrer\" aria-label=\"Social Icon\"><i class=\"a-icon-whatsapp\"><\/i><\/a><a href=\"mailto:?subject=SFF+Magazine+Diciembre+2024&#038;body=https:\/\/sff-camara.com\/es\/sff-magazine\/ediciones\/sff-magazine-diciembre-2024\/\" class=\"social-icon framed social-email\" target=\"_blank\" title=\"email\" rel=\"noopener noreferrer\" aria-label=\"Social Icon\"><i class=\"a-icon-envelop5\"><\/i><\/a><a href=\"https:\/\/twitter.com\/intent\/tweet?text=SFF+Magazine+Diciembre+2024&#038;url=https:\/\/sff-camara.com\/es\/sff-magazine\/ediciones\/sff-magazine-diciembre-2024\/\" class=\"social-icon framed social-twitter\" target=\"_blank\" title=\"x\" rel=\"noopener noreferrer\" aria-label=\"Social Icon\"><i class=\"a-icon-twitter\"><\/i><\/a><a href=\"https:\/\/www.facebook.com\/sharer.php?u=https:\/\/sff-camara.com\/es\/sff-magazine\/ediciones\/sff-magazine-diciembre-2024\/\" class=\"social-icon framed social-facebook\" target=\"_blank\" title=\"facebook\" rel=\"noopener noreferrer\" aria-label=\"Social Icon\"><i class=\"a-icon-facebook\"><\/i><\/a><a href=\"https:\/\/plus.google.com\/share?url=https:\/\/sff-camara.com\/es\/sff-magazine\/ediciones\/sff-magazine-diciembre-2024\/\" class=\"social-icon framed social-google\" target=\"_blank\" title=\"google\" rel=\"noopener noreferrer\" aria-label=\"Social Icon\"><i class=\"a-icon-google\"><\/i><\/a><a href=\"#\" class=\"social-icon framed social-instagram\" target=\"_blank\" title=\"instagram\" rel=\"noopener noreferrer\" aria-label=\"Social Icon\"><i class=\"a-icon-instagram\"><\/i><\/a><\/div>\r\n\r\n\t\t\t\t<\/div>\n\t\t\t\t<\/div>\n\t\t\t\t\t\t<\/div>\r\n\t\t\t\t<\/div>\r\n\t\t\t\t\t\t\t\t<\/div>\r\n\t\t\t<\/section>\r\n\t\t\t\t\t<\/div>\n\t\t","protected":false},"excerpt":{"rendered":"<p>SFF Magazine Diciembre 2024 SFF Magazine Diciembre 2024 Leer y descargar la versi\u00f3n en PDF \u00a1La edici\u00f3n de Diciembre 2024 del SFF Magazine ya est\u00e1 disponible! Haga click en el [&hellip;]<\/p>\n","protected":false},"author":2,"featured_media":15802,"parent":8161,"menu_order":0,"comment_status":"closed","ping_status":"closed","template":"","meta":{"_acf_changed":false,"_price":"","_stock":"","_tribe_ticket_header":"","_tribe_default_ticket_provider":"","_ticket_start_date":"","_ticket_end_date":"","_tribe_ticket_show_description":"","_tribe_ticket_show_not_going":false,"_tribe_ticket_use_global_stock":"","_tribe_ticket_global_stock_level":"","_global_stock_mode":"","_global_stock_cap":"","_tribe_rsvp_for_event":"","_tribe_ticket_going_count":"","_tribe_ticket_not_going_count":"","_tribe_tickets_list":"[]","_tribe_ticket_has_attendee_info_fields":false,"footnotes":"","_tec_slr_enabled":"","_tec_slr_layout":""},"class_list":["post-15772","page","type-page","status-publish","has-post-thumbnail","hentry"],"acf":[],"yoast_head":"<!-- This site is optimized with the Yoast SEO plugin v27.1.1 - https:\/\/yoast.com\/product\/yoast-seo-wordpress\/ -->\n<title>SFF Magazine Diciembre 2024 | SFF<\/title>\n<meta name=\"description\" content=\"Dossier focalizado en &quot;El rol de los Consejeros Independientes en los Consejos de Administraci\u00f3n&quot;\" \/>\n<meta name=\"robots\" content=\"index, follow, max-snippet:-1, max-image-preview:large, max-video-preview:-1\" \/>\n<link rel=\"canonical\" href=\"https:\/\/sff-camara.com\/sff-magazine\/editions\/sff-magazine-december-2024\/\" \/>\n<meta property=\"og:locale\" content=\"es_ES\" \/>\n<meta property=\"og:type\" content=\"article\" \/>\n<meta property=\"og:title\" content=\"SFF Magazine Diciembre 2024 | SFF\" \/>\n<meta property=\"og:description\" content=\"Dossier focalizado en &quot;El rol de los Consejeros Independientes en los Consejos de Administraci\u00f3n&quot;\" \/>\n<meta property=\"og:url\" content=\"https:\/\/sff-camara.com\/sff-magazine\/editions\/sff-magazine-december-2024\/\" \/>\n<meta property=\"og:site_name\" content=\"SFF\" \/>\n<meta property=\"article:modified_time\" content=\"2024-12-18T10:20:10+00:00\" \/>\n<meta property=\"og:image\" content=\"https:\/\/sff-camara.com\/wp-content\/uploads\/2024\/12\/Portada-SFF-Magazine-Diciembre-2024-2-724x1024.png\" \/>\n\t<meta property=\"og:image:width\" content=\"724\" \/>\n\t<meta property=\"og:image:height\" content=\"1024\" \/>\n\t<meta property=\"og:image:type\" content=\"image\/png\" \/>\n<meta name=\"twitter:card\" content=\"summary_large_image\" \/>\n<meta name=\"twitter:label1\" content=\"Tiempo de lectura\" \/>\n\t<meta name=\"twitter:data1\" content=\"5 minutos\" \/>\n<script type=\"application\/ld+json\" class=\"yoast-schema-graph\">{\"@context\":\"https:\/\/schema.org\",\"@graph\":[{\"@type\":\"WebPage\",\"@id\":\"https:\/\/sff-camara.com\/sff-magazine\/editions\/sff-magazine-december-2024\/\",\"url\":\"https:\/\/sff-camara.com\/sff-magazine\/editions\/sff-magazine-december-2024\/\",\"name\":\"SFF Magazine Diciembre 2024 | SFF\",\"isPartOf\":{\"@id\":\"https:\/\/sff-camara.com\/#website\"},\"primaryImageOfPage\":{\"@id\":\"https:\/\/sff-camara.com\/sff-magazine\/editions\/sff-magazine-december-2024\/#primaryimage\"},\"image\":{\"@id\":\"https:\/\/sff-camara.com\/sff-magazine\/editions\/sff-magazine-december-2024\/#primaryimage\"},\"thumbnailUrl\":\"https:\/\/sff-camara.com\/wp-content\/uploads\/2024\/12\/Portada-SFF-Magazine-Diciembre-2024-2.png\",\"datePublished\":\"2024-12-09T07:43:08+00:00\",\"dateModified\":\"2024-12-18T10:20:10+00:00\",\"description\":\"Dossier focalizado en \\\"El rol de los Consejeros Independientes en los Consejos de Administraci\u00f3n\\\"\",\"breadcrumb\":{\"@id\":\"https:\/\/sff-camara.com\/sff-magazine\/editions\/sff-magazine-december-2024\/#breadcrumb\"},\"inLanguage\":\"es\",\"potentialAction\":[{\"@type\":\"ReadAction\",\"target\":[\"https:\/\/sff-camara.com\/sff-magazine\/editions\/sff-magazine-december-2024\/\"]}]},{\"@type\":\"ImageObject\",\"inLanguage\":\"es\",\"@id\":\"https:\/\/sff-camara.com\/sff-magazine\/editions\/sff-magazine-december-2024\/#primaryimage\",\"url\":\"https:\/\/sff-camara.com\/wp-content\/uploads\/2024\/12\/Portada-SFF-Magazine-Diciembre-2024-2.png\",\"contentUrl\":\"https:\/\/sff-camara.com\/wp-content\/uploads\/2024\/12\/Portada-SFF-Magazine-Diciembre-2024-2.png\",\"width\":2480,\"height\":3508},{\"@type\":\"BreadcrumbList\",\"@id\":\"https:\/\/sff-camara.com\/sff-magazine\/editions\/sff-magazine-december-2024\/#breadcrumb\",\"itemListElement\":[{\"@type\":\"ListItem\",\"position\":1,\"name\":\"Home\",\"item\":\"https:\/\/sff-camara.com\/\"},{\"@type\":\"ListItem\",\"position\":2,\"name\":\"SFF Magazine\",\"item\":\"https:\/\/sff-camara.com\/es\/sff-magazine\/\"},{\"@type\":\"ListItem\",\"position\":3,\"name\":\"Ediciones\",\"item\":\"https:\/\/sff-camara.com\/sff-magazine\/editions\/\"},{\"@type\":\"ListItem\",\"position\":4,\"name\":\"SFF Magazine Diciembre 2024\"}]},{\"@type\":\"WebSite\",\"@id\":\"https:\/\/sff-camara.com\/#website\",\"url\":\"https:\/\/sff-camara.com\/\",\"name\":\"SFF\",\"description\":\"Spanish Financial Forum in Luxembourg\",\"publisher\":{\"@id\":\"https:\/\/sff-camara.com\/#organization\"},\"potentialAction\":[{\"@type\":\"SearchAction\",\"target\":{\"@type\":\"EntryPoint\",\"urlTemplate\":\"https:\/\/sff-camara.com\/?s={search_term_string}\"},\"query-input\":{\"@type\":\"PropertyValueSpecification\",\"valueRequired\":true,\"valueName\":\"search_term_string\"}}],\"inLanguage\":\"es\"},{\"@type\":\"Organization\",\"@id\":\"https:\/\/sff-camara.com\/#organization\",\"name\":\"Spanish Financial Forum in Luxembourg\",\"url\":\"https:\/\/sff-camara.com\/\",\"logo\":{\"@type\":\"ImageObject\",\"inLanguage\":\"es\",\"@id\":\"https:\/\/sff-camara.com\/#\/schema\/logo\/image\/\",\"url\":\"https:\/\/sff-camara.com\/wp-content\/uploads\/2023\/02\/cropped-LOGO-1.png\",\"contentUrl\":\"https:\/\/sff-camara.com\/wp-content\/uploads\/2023\/02\/cropped-LOGO-1.png\",\"width\":586,\"height\":222,\"caption\":\"Spanish Financial Forum in Luxembourg\"},\"image\":{\"@id\":\"https:\/\/sff-camara.com\/#\/schema\/logo\/image\/\"},\"sameAs\":[\"https:\/\/www.linkedin.com\/company\/camara-oficial-de-comercio-de-espana-en-belgica-y-luxemburgo\/\"]}]}<\/script>\n<!-- \/ Yoast SEO plugin. -->","yoast_head_json":{"title":"SFF Magazine Diciembre 2024 | SFF","description":"Dossier focalizado en \"El rol de los Consejeros Independientes en los Consejos de Administraci\u00f3n\"","robots":{"index":"index","follow":"follow","max-snippet":"max-snippet:-1","max-image-preview":"max-image-preview:large","max-video-preview":"max-video-preview:-1"},"canonical":"https:\/\/sff-camara.com\/sff-magazine\/editions\/sff-magazine-december-2024\/","og_locale":"es_ES","og_type":"article","og_title":"SFF Magazine Diciembre 2024 | SFF","og_description":"Dossier focalizado en \"El rol de los Consejeros Independientes en los Consejos de Administraci\u00f3n\"","og_url":"https:\/\/sff-camara.com\/sff-magazine\/editions\/sff-magazine-december-2024\/","og_site_name":"SFF","article_modified_time":"2024-12-18T10:20:10+00:00","og_image":[{"width":724,"height":1024,"url":"https:\/\/sff-camara.com\/wp-content\/uploads\/2024\/12\/Portada-SFF-Magazine-Diciembre-2024-2-724x1024.png","type":"image\/png"}],"twitter_card":"summary_large_image","twitter_misc":{"Tiempo de lectura":"5 minutos"},"schema":{"@context":"https:\/\/schema.org","@graph":[{"@type":"WebPage","@id":"https:\/\/sff-camara.com\/sff-magazine\/editions\/sff-magazine-december-2024\/","url":"https:\/\/sff-camara.com\/sff-magazine\/editions\/sff-magazine-december-2024\/","name":"SFF Magazine Diciembre 2024 | SFF","isPartOf":{"@id":"https:\/\/sff-camara.com\/#website"},"primaryImageOfPage":{"@id":"https:\/\/sff-camara.com\/sff-magazine\/editions\/sff-magazine-december-2024\/#primaryimage"},"image":{"@id":"https:\/\/sff-camara.com\/sff-magazine\/editions\/sff-magazine-december-2024\/#primaryimage"},"thumbnailUrl":"https:\/\/sff-camara.com\/wp-content\/uploads\/2024\/12\/Portada-SFF-Magazine-Diciembre-2024-2.png","datePublished":"2024-12-09T07:43:08+00:00","dateModified":"2024-12-18T10:20:10+00:00","description":"Dossier focalizado en \"El rol de los Consejeros Independientes en los Consejos de Administraci\u00f3n\"","breadcrumb":{"@id":"https:\/\/sff-camara.com\/sff-magazine\/editions\/sff-magazine-december-2024\/#breadcrumb"},"inLanguage":"es","potentialAction":[{"@type":"ReadAction","target":["https:\/\/sff-camara.com\/sff-magazine\/editions\/sff-magazine-december-2024\/"]}]},{"@type":"ImageObject","inLanguage":"es","@id":"https:\/\/sff-camara.com\/sff-magazine\/editions\/sff-magazine-december-2024\/#primaryimage","url":"https:\/\/sff-camara.com\/wp-content\/uploads\/2024\/12\/Portada-SFF-Magazine-Diciembre-2024-2.png","contentUrl":"https:\/\/sff-camara.com\/wp-content\/uploads\/2024\/12\/Portada-SFF-Magazine-Diciembre-2024-2.png","width":2480,"height":3508},{"@type":"BreadcrumbList","@id":"https:\/\/sff-camara.com\/sff-magazine\/editions\/sff-magazine-december-2024\/#breadcrumb","itemListElement":[{"@type":"ListItem","position":1,"name":"Home","item":"https:\/\/sff-camara.com\/"},{"@type":"ListItem","position":2,"name":"SFF Magazine","item":"https:\/\/sff-camara.com\/es\/sff-magazine\/"},{"@type":"ListItem","position":3,"name":"Ediciones","item":"https:\/\/sff-camara.com\/sff-magazine\/editions\/"},{"@type":"ListItem","position":4,"name":"SFF Magazine Diciembre 2024"}]},{"@type":"WebSite","@id":"https:\/\/sff-camara.com\/#website","url":"https:\/\/sff-camara.com\/","name":"SFF","description":"Spanish Financial Forum in Luxembourg","publisher":{"@id":"https:\/\/sff-camara.com\/#organization"},"potentialAction":[{"@type":"SearchAction","target":{"@type":"EntryPoint","urlTemplate":"https:\/\/sff-camara.com\/?s={search_term_string}"},"query-input":{"@type":"PropertyValueSpecification","valueRequired":true,"valueName":"search_term_string"}}],"inLanguage":"es"},{"@type":"Organization","@id":"https:\/\/sff-camara.com\/#organization","name":"Spanish Financial Forum in Luxembourg","url":"https:\/\/sff-camara.com\/","logo":{"@type":"ImageObject","inLanguage":"es","@id":"https:\/\/sff-camara.com\/#\/schema\/logo\/image\/","url":"https:\/\/sff-camara.com\/wp-content\/uploads\/2023\/02\/cropped-LOGO-1.png","contentUrl":"https:\/\/sff-camara.com\/wp-content\/uploads\/2023\/02\/cropped-LOGO-1.png","width":586,"height":222,"caption":"Spanish Financial Forum in Luxembourg"},"image":{"@id":"https:\/\/sff-camara.com\/#\/schema\/logo\/image\/"},"sameAs":["https:\/\/www.linkedin.com\/company\/camara-oficial-de-comercio-de-espana-en-belgica-y-luxemburgo\/"]}]}},"ticketed":false,"_links":{"self":[{"href":"https:\/\/sff-camara.com\/es\/wp-json\/wp\/v2\/pages\/15772","targetHints":{"allow":["GET"]}}],"collection":[{"href":"https:\/\/sff-camara.com\/es\/wp-json\/wp\/v2\/pages"}],"about":[{"href":"https:\/\/sff-camara.com\/es\/wp-json\/wp\/v2\/types\/page"}],"author":[{"embeddable":true,"href":"https:\/\/sff-camara.com\/es\/wp-json\/wp\/v2\/users\/2"}],"replies":[{"embeddable":true,"href":"https:\/\/sff-camara.com\/es\/wp-json\/wp\/v2\/comments?post=15772"}],"version-history":[{"count":7,"href":"https:\/\/sff-camara.com\/es\/wp-json\/wp\/v2\/pages\/15772\/revisions"}],"predecessor-version":[{"id":15871,"href":"https:\/\/sff-camara.com\/es\/wp-json\/wp\/v2\/pages\/15772\/revisions\/15871"}],"up":[{"embeddable":true,"href":"https:\/\/sff-camara.com\/es\/wp-json\/wp\/v2\/pages\/8161"}],"wp:featuredmedia":[{"embeddable":true,"href":"https:\/\/sff-camara.com\/es\/wp-json\/wp\/v2\/media\/15802"}],"wp:attachment":[{"href":"https:\/\/sff-camara.com\/es\/wp-json\/wp\/v2\/media?parent=15772"}],"curies":[{"name":"wp","href":"https:\/\/api.w.org\/{rel}","templated":true}]}}